{"id":374,"date":"2022-10-25T16:23:20","date_gmt":"2022-10-25T14:23:20","guid":{"rendered":"https:\/\/www.kyriad-vannes.fr\/?page_id=374"},"modified":"2025-03-03T12:44:39","modified_gmt":"2025-03-03T11:44:39","slug":"aktuelle-nachrichten","status":"publish","type":"page","link":"https:\/\/www.kyriad-vannes.fr\/de\/actualites\/","title":{"rendered":"Nachrichten"},"content":{"rendered":"<div data-elementor-type=\"wp-page\" data-elementor-id=\"374\" class=\"elementor elementor-374\" data-elementor-post-type=\"page\">\n\t\t\t\t\t\t<section class=\"elementor-section elementor-top-section elementor-element elementor-element-17b1e72 elementor-section-full_width elementor-section-height-min-height elementor-section-height-default elementor-section-items-middle\" data-id=\"17b1e72\" data-element_type=\"section\" data-e-type=\"section\" id=\"top\" data-settings=\"{&quot;background_background&quot;:&quot;classic&quot;}\">\n\t\t\t\t\t\t\t<div class=\"elementor-background-overlay\"><\/div>\n\t\t\t\t\t\t\t<div class=\"elementor-container elementor-column-gap-default\">\n\t\t\t\t\t<div class=\"elementor-column elementor-col-100 elementor-top-column elementor-element elementor-element-0970ca0\" data-id=\"0970ca0\" data-element_type=\"column\" data-e-type=\"column\">\n\t\t\t<div class=\"elementor-widget-wrap elementor-element-populated\">\n\t\t\t\t\t\t\t<\/div>\n\t\t<\/div>\n\t\t\t\t\t<\/div>\n\t\t<\/section>\n\t\t\t\t<section class=\"elementor-section elementor-top-section elementor-element elementor-element-baf0851 elementor-section-boxed elementor-section-height-default elementor-section-height-default\" data-id=\"baf0851\" data-element_type=\"section\" data-e-type=\"section\" data-settings=\"{&quot;background_background&quot;:&quot;classic&quot;}\">\n\t\t\t\t\t\t<div class=\"elementor-container elementor-column-gap-default\">\n\t\t\t\t\t<div class=\"elementor-column elementor-col-100 elementor-top-column elementor-element elementor-element-81e9d7c\" data-id=\"81e9d7c\" data-element_type=\"column\" data-e-type=\"column\">\n\t\t\t<div class=\"elementor-widget-wrap elementor-element-populated\">\n\t\t\t\t\t\t<div class=\"elementor-element elementor-element-5ae9013 elementor-widget elementor-widget-heading\" data-id=\"5ae9013\" data-element_type=\"widget\" data-e-type=\"widget\" data-widget_type=\"heading.default\">\n\t\t\t\t<div class=\"elementor-widget-container\">\n\t\t\t\t\t<h2 class=\"elementor-heading-title elementor-size-default\">Entdecken Sie unsere Nachrichten<\/h2>\t\t\t\t<\/div>\n\t\t\t\t<\/div>\n\t\t\t\t<div class=\"elementor-element elementor-element-8d8f92e elementor-posts--align-left elementor-grid-3 elementor-grid-tablet-2 elementor-grid-mobile-1 elementor-posts--thumbnail-top elementor-posts__hover-gradient elementor-widget elementor-widget-posts\" data-id=\"8d8f92e\" data-element_type=\"widget\" data-e-type=\"widget\" data-settings=\"{&quot;pagination_type&quot;:&quot;numbers&quot;,&quot;cards_columns&quot;:&quot;3&quot;,&quot;cards_columns_tablet&quot;:&quot;2&quot;,&quot;cards_columns_mobile&quot;:&quot;1&quot;,&quot;cards_row_gap&quot;:{&quot;unit&quot;:&quot;px&quot;,&quot;size&quot;:35,&quot;sizes&quot;:[]},&quot;cards_row_gap_tablet&quot;:{&quot;unit&quot;:&quot;px&quot;,&quot;size&quot;:&quot;&quot;,&quot;sizes&quot;:[]},&quot;cards_row_gap_mobile&quot;:{&quot;unit&quot;:&quot;px&quot;,&quot;size&quot;:&quot;&quot;,&quot;sizes&quot;:[]}}\" data-widget_type=\"posts.cards\">\n\t\t\t\t<div class=\"elementor-widget-container\">\n\t\t\t\t\t\t\t<div class=\"elementor-posts-container elementor-posts elementor-posts--skin-cards elementor-grid\" role=\"list\">\n\t\t\t\t<article class=\"elementor-post elementor-grid-item post-9007 post type-post status-publish format-standard has-post-thumbnail hentry category-actualites\" role=\"listitem\">\n\t\t\t<div class=\"elementor-post__card\">\n\t\t\t\t<a class=\"elementor-post__thumbnail__link\" href=\"https:\/\/www.kyriad-vannes.fr\/de\/actualites\/restaurant-vannes-menu-de-la-saint-valentin\/\" tabindex=\"-1\" target=\"_blank\"><div class=\"elementor-post__thumbnail\"><img fetchpriority=\"high\" decoding=\"async\" width=\"1748\" height=\"1240\" src=\"https:\/\/www.kyriad-vannes.fr\/wp-content\/uploads\/2024\/09\/The-Kocoon-Deals-KYRIAD.png\" class=\"attachment-full size-full wp-image-11109\" alt=\"\" srcset=\"https:\/\/www.kyriad-vannes.fr\/wp-content\/uploads\/2024\/09\/The-Kocoon-Deals-KYRIAD.png 1748w, https:\/\/www.kyriad-vannes.fr\/wp-content\/uploads\/2024\/09\/The-Kocoon-Deals-KYRIAD-300x213.png 300w, https:\/\/www.kyriad-vannes.fr\/wp-content\/uploads\/2024\/09\/The-Kocoon-Deals-KYRIAD-1024x726.png 1024w, https:\/\/www.kyriad-vannes.fr\/wp-content\/uploads\/2024\/09\/The-Kocoon-Deals-KYRIAD-768x545.png 768w, https:\/\/www.kyriad-vannes.fr\/wp-content\/uploads\/2024\/09\/The-Kocoon-Deals-KYRIAD-1536x1090.png 1536w, https:\/\/www.kyriad-vannes.fr\/wp-content\/uploads\/2024\/09\/The-Kocoon-Deals-KYRIAD-18x12.png 18w\" sizes=\"(max-width: 1748px) 100vw, 1748px\" title=\"\"><\/div><\/a>\n\t\t\t\t<div class=\"elementor-post__text\">\n\t\t\t\t<h2 class=\"elementor-post__title\">\n\t\t\t<a href=\"https:\/\/www.kyriad-vannes.fr\/de\/actualites\/restaurant-vannes-menu-de-la-saint-valentin\/\" target=\"&quot;_blank&quot;\">\n\t\t\t\tRESTAURANT VANNES - VALENTINSTAGSMEN\u00dc\t\t\t<\/a>\n\t\t<\/h2>\n\t\t\t\t\t<div class=\"elementor-post__read-more-wrapper\">\n\t\t\n\t\t<a class=\"elementor-post__read-more\" href=\"https:\/\/www.kyriad-vannes.fr\/de\/actualites\/restaurant-vannes-menu-de-la-saint-valentin\/\" aria-label=\"Mehr \u00fcber RESTAURANT VANNES - SAINT VALENTIN MENU\" tabindex=\"-1\" target=\"_blank\">\n\t\t\tWeiterlesen...\t\t<\/a>\n\n\t\t\t\t\t<\/div>\n\t\t\t\t<\/div>\n\t\t\t\t<div class=\"elementor-post__meta-data\">\n\t\t\t\t\t<span class=\"elementor-post-date\">\n\t\t\t20. Januar 2026\t\t<\/span>\n\t\t\t\t<\/div>\n\t\t\t\t\t<\/div>\n\t\t<\/article>\n\t\t\t\t<article class=\"elementor-post elementor-grid-item post-11996 post type-post status-publish format-standard has-post-thumbnail hentry category-actualites\" role=\"listitem\">\n\t\t\t<div class=\"elementor-post__card\">\n\t\t\t\t<a class=\"elementor-post__thumbnail__link\" href=\"https:\/\/www.kyriad-vannes.fr\/de\/actualites\/le-lustre-nuage-designheure-illumine-le-restaurant-a-limage-sainte-anne\/\" tabindex=\"-1\" target=\"_blank\"><div class=\"elementor-post__thumbnail\"><img decoding=\"async\" width=\"1748\" height=\"1240\" src=\"https:\/\/www.kyriad-vannes.fr\/wp-content\/uploads\/2026\/01\/Resto-Vannes-A-lImage-Sainte-Anne-Designheure.png\" class=\"attachment-full size-full wp-image-12000\" alt=\"\" srcset=\"https:\/\/www.kyriad-vannes.fr\/wp-content\/uploads\/2026\/01\/Resto-Vannes-A-lImage-Sainte-Anne-Designheure.png 1748w, https:\/\/www.kyriad-vannes.fr\/wp-content\/uploads\/2026\/01\/Resto-Vannes-A-lImage-Sainte-Anne-Designheure-300x213.png 300w, https:\/\/www.kyriad-vannes.fr\/wp-content\/uploads\/2026\/01\/Resto-Vannes-A-lImage-Sainte-Anne-Designheure-1024x726.png 1024w, https:\/\/www.kyriad-vannes.fr\/wp-content\/uploads\/2026\/01\/Resto-Vannes-A-lImage-Sainte-Anne-Designheure-768x545.png 768w, https:\/\/www.kyriad-vannes.fr\/wp-content\/uploads\/2026\/01\/Resto-Vannes-A-lImage-Sainte-Anne-Designheure-1536x1090.png 1536w, https:\/\/www.kyriad-vannes.fr\/wp-content\/uploads\/2026\/01\/Resto-Vannes-A-lImage-Sainte-Anne-Designheure-18x12.png 18w\" sizes=\"(max-width: 1748px) 100vw, 1748px\" title=\"\"><\/div><\/a>\n\t\t\t\t<div class=\"elementor-post__text\">\n\t\t\t\t<h2 class=\"elementor-post__title\">\n\t\t\t<a href=\"https:\/\/www.kyriad-vannes.fr\/de\/actualites\/le-lustre-nuage-designheure-illumine-le-restaurant-a-limage-sainte-anne\/\" target=\"&quot;_blank&quot;\">\n\t\t\t\tDer Kronleuchter NUAGE Designheure beleuchtet das Restaurant \u00c0 l'Image Sainte-Anne\t\t\t<\/a>\n\t\t<\/h2>\n\t\t\t\t\t<div class=\"elementor-post__read-more-wrapper\">\n\t\t\n\t\t<a class=\"elementor-post__read-more\" href=\"https:\/\/www.kyriad-vannes.fr\/de\/actualites\/le-lustre-nuage-designheure-illumine-le-restaurant-a-limage-sainte-anne\/\" aria-label=\"Mehr \u00fcber Der Kronleuchter NUAGE Designheure erleuchtet das Restaurant \u00c0 l&#039;Image Sainte-Anne\" tabindex=\"-1\" target=\"_blank\">\n\t\t\tWeiterlesen...\t\t<\/a>\n\n\t\t\t\t\t<\/div>\n\t\t\t\t<\/div>\n\t\t\t\t<div class=\"elementor-post__meta-data\">\n\t\t\t\t\t<span class=\"elementor-post-date\">\n\t\t\t6. Januar 2026\t\t<\/span>\n\t\t\t\t<\/div>\n\t\t\t\t\t<\/div>\n\t\t<\/article>\n\t\t\t\t<article class=\"elementor-post elementor-grid-item post-11376 post type-post status-publish format-standard has-post-thumbnail hentry category-actualites\" role=\"listitem\">\n\t\t\t<div class=\"elementor-post__card\">\n\t\t\t\t<a class=\"elementor-post__thumbnail__link\" href=\"https:\/\/www.kyriad-vannes.fr\/de\/actualites\/kit-fitness-en-chambre-dhotel-a-vannes-faire-du-sport-en-deplacement\/\" tabindex=\"-1\" target=\"_blank\"><div class=\"elementor-post__thumbnail\"><img decoding=\"async\" width=\"898\" height=\"636\" src=\"https:\/\/www.kyriad-vannes.fr\/wp-content\/uploads\/2025\/06\/Kit-fitness-Kyriad-vannes.png\" class=\"attachment-full size-full wp-image-11378\" alt=\"Fitness-Sport-Kit im Hotel\" srcset=\"https:\/\/www.kyriad-vannes.fr\/wp-content\/uploads\/2025\/06\/Kit-fitness-Kyriad-vannes.png 898w, https:\/\/www.kyriad-vannes.fr\/wp-content\/uploads\/2025\/06\/Kit-fitness-Kyriad-vannes-300x212.png 300w, https:\/\/www.kyriad-vannes.fr\/wp-content\/uploads\/2025\/06\/Kit-fitness-Kyriad-vannes-768x544.png 768w, https:\/\/www.kyriad-vannes.fr\/wp-content\/uploads\/2025\/06\/Kit-fitness-Kyriad-vannes-18x12.png 18w\" sizes=\"(max-width: 898px) 100vw, 898px\" title=\"\"><\/div><\/a>\n\t\t\t\t<div class=\"elementor-post__text\">\n\t\t\t\t<h2 class=\"elementor-post__title\">\n\t\t\t<a href=\"https:\/\/www.kyriad-vannes.fr\/de\/actualites\/kit-fitness-en-chambre-dhotel-a-vannes-faire-du-sport-en-deplacement\/\" target=\"&quot;_blank&quot;\">\n\t\t\t\tFITNESS-KIT IM HOTELZIMMER IN VANNES : Sportlich unterwegs sein\t\t\t<\/a>\n\t\t<\/h2>\n\t\t\t\t\t<div class=\"elementor-post__read-more-wrapper\">\n\t\t\n\t\t<a class=\"elementor-post__read-more\" href=\"https:\/\/www.kyriad-vannes.fr\/de\/actualites\/kit-fitness-en-chambre-dhotel-a-vannes-faire-du-sport-en-deplacement\/\" aria-label=\"Mehr \u00fcber FITNESS-KIT IM HOTELZIMMER IN VANNES : Unterwegs Sport treiben\" tabindex=\"-1\" target=\"_blank\">\n\t\t\tWeiterlesen...\t\t<\/a>\n\n\t\t\t\t\t<\/div>\n\t\t\t\t<\/div>\n\t\t\t\t<div class=\"elementor-post__meta-data\">\n\t\t\t\t\t<span class=\"elementor-post-date\">\n\t\t\t5. November 2025\t\t<\/span>\n\t\t\t\t<\/div>\n\t\t\t\t\t<\/div>\n\t\t<\/article>\n\t\t\t\t<article class=\"elementor-post elementor-grid-item post-11382 post type-post status-publish format-standard has-post-thumbnail hentry category-actualites\" role=\"listitem\">\n\t\t\t<div class=\"elementor-post__card\">\n\t\t\t\t<a class=\"elementor-post__thumbnail__link\" href=\"https:\/\/www.kyriad-vannes.fr\/de\/actualites\/votre-sejour-a-vannes-avec-votre-animal-de-compagnie\/\" tabindex=\"-1\" target=\"_blank\"><div class=\"elementor-post__thumbnail\"><img loading=\"lazy\" decoding=\"async\" width=\"1748\" height=\"1240\" src=\"https:\/\/www.kyriad-vannes.fr\/wp-content\/uploads\/2025\/06\/Vignettes-Site-AH-1-ConvertImage.jpg\" class=\"attachment-full size-full wp-image-11387\" alt=\"\" srcset=\"https:\/\/www.kyriad-vannes.fr\/wp-content\/uploads\/2025\/06\/Vignettes-Site-AH-1-ConvertImage.jpg 1748w, https:\/\/www.kyriad-vannes.fr\/wp-content\/uploads\/2025\/06\/Vignettes-Site-AH-1-ConvertImage-300x213.jpg 300w, https:\/\/www.kyriad-vannes.fr\/wp-content\/uploads\/2025\/06\/Vignettes-Site-AH-1-ConvertImage-1024x726.jpg 1024w, https:\/\/www.kyriad-vannes.fr\/wp-content\/uploads\/2025\/06\/Vignettes-Site-AH-1-ConvertImage-768x545.jpg 768w, https:\/\/www.kyriad-vannes.fr\/wp-content\/uploads\/2025\/06\/Vignettes-Site-AH-1-ConvertImage-1536x1090.jpg 1536w, https:\/\/www.kyriad-vannes.fr\/wp-content\/uploads\/2025\/06\/Vignettes-Site-AH-1-ConvertImage-18x12.jpg 18w\" sizes=\"(max-width: 1748px) 100vw, 1748px\" title=\"\"><\/div><\/a>\n\t\t\t\t<div class=\"elementor-post__text\">\n\t\t\t\t<h2 class=\"elementor-post__title\">\n\t\t\t<a href=\"https:\/\/www.kyriad-vannes.fr\/de\/actualites\/votre-sejour-a-vannes-avec-votre-animal-de-compagnie\/\" target=\"&quot;_blank&quot;\">\n\t\t\t\tIhr Aufenthalt in Vannes mit Ihrem Haustier\t\t\t<\/a>\n\t\t<\/h2>\n\t\t\t\t\t<div class=\"elementor-post__read-more-wrapper\">\n\t\t\n\t\t<a class=\"elementor-post__read-more\" href=\"https:\/\/www.kyriad-vannes.fr\/de\/actualites\/votre-sejour-a-vannes-avec-votre-animal-de-compagnie\/\" aria-label=\"Mehr \u00fcber Ihr Aufenthalt in Vannes mit Ihrem Haustier\" tabindex=\"-1\" target=\"_blank\">\n\t\t\tWeiterlesen...\t\t<\/a>\n\n\t\t\t\t\t<\/div>\n\t\t\t\t<\/div>\n\t\t\t\t<div class=\"elementor-post__meta-data\">\n\t\t\t\t\t<span class=\"elementor-post-date\">\n\t\t\t5. November 2025\t\t<\/span>\n\t\t\t\t<\/div>\n\t\t\t\t\t<\/div>\n\t\t<\/article>\n\t\t\t\t<article class=\"elementor-post elementor-grid-item post-10953 post type-post status-publish format-standard has-post-thumbnail hentry category-actualites\" role=\"listitem\">\n\t\t\t<div class=\"elementor-post__card\">\n\t\t\t\t<a class=\"elementor-post__thumbnail__link\" href=\"https:\/\/www.kyriad-vannes.fr\/de\/actualites\/bons-cadeaux-hotel-restaurant-a-vannes\/\" tabindex=\"-1\" target=\"_blank\"><div class=\"elementor-post__thumbnail\"><img loading=\"lazy\" decoding=\"async\" width=\"1141\" height=\"756\" src=\"https:\/\/www.kyriad-vannes.fr\/wp-content\/uploads\/2024\/09\/Photo_article_Chateau_Hermine_-_Remparts_Jardins.jpg\" class=\"attachment-full size-full wp-image-9022\" alt=\"\" srcset=\"https:\/\/www.kyriad-vannes.fr\/wp-content\/uploads\/2024\/09\/Photo_article_Chateau_Hermine_-_Remparts_Jardins.jpg 1141w, https:\/\/www.kyriad-vannes.fr\/wp-content\/uploads\/2024\/09\/Photo_article_Chateau_Hermine_-_Remparts_Jardins-300x199.jpg 300w, https:\/\/www.kyriad-vannes.fr\/wp-content\/uploads\/2024\/09\/Photo_article_Chateau_Hermine_-_Remparts_Jardins-1024x678.jpg 1024w, https:\/\/www.kyriad-vannes.fr\/wp-content\/uploads\/2024\/09\/Photo_article_Chateau_Hermine_-_Remparts_Jardins-768x509.jpg 768w, https:\/\/www.kyriad-vannes.fr\/wp-content\/uploads\/2024\/09\/Photo_article_Chateau_Hermine_-_Remparts_Jardins-18x12.jpg 18w\" sizes=\"(max-width: 1141px) 100vw, 1141px\" title=\"\"><\/div><\/a>\n\t\t\t\t<div class=\"elementor-post__text\">\n\t\t\t\t<h2 class=\"elementor-post__title\">\n\t\t\t<a href=\"https:\/\/www.kyriad-vannes.fr\/de\/actualites\/bons-cadeaux-hotel-restaurant-a-vannes\/\" target=\"&quot;_blank&quot;\">\n\t\t\t\tGESCHENKGUTSCHEINE HOTEL RESTAURANT IN VANNES\t\t\t<\/a>\n\t\t<\/h2>\n\t\t\t\t\t<div class=\"elementor-post__read-more-wrapper\">\n\t\t\n\t\t<a class=\"elementor-post__read-more\" href=\"https:\/\/www.kyriad-vannes.fr\/de\/actualites\/bons-cadeaux-hotel-restaurant-a-vannes\/\" aria-label=\"Mehr \u00fcber GESCHENKGUTSCHEINE HOTEL RESTAURANT IN VANNES\" tabindex=\"-1\" target=\"_blank\">\n\t\t\tWeiterlesen...\t\t<\/a>\n\n\t\t\t\t\t<\/div>\n\t\t\t\t<\/div>\n\t\t\t\t<div class=\"elementor-post__meta-data\">\n\t\t\t\t\t<span class=\"elementor-post-date\">\n\t\t\t3. November 2025\t\t<\/span>\n\t\t\t\t<\/div>\n\t\t\t\t\t<\/div>\n\t\t<\/article>\n\t\t\t\t<article class=\"elementor-post elementor-grid-item post-11696 post type-post status-publish format-standard has-post-thumbnail hentry category-actualites\" role=\"listitem\">\n\t\t\t<div class=\"elementor-post__card\">\n\t\t\t\t<a class=\"elementor-post__thumbnail__link\" href=\"https:\/\/www.kyriad-vannes.fr\/de\/actualites\/votre-petit-dejeuner-professionnel-a-vannes\/\" tabindex=\"-1\" target=\"_blank\"><div class=\"elementor-post__thumbnail\"><img loading=\"lazy\" decoding=\"async\" width=\"1748\" height=\"1240\" src=\"https:\/\/www.kyriad-vannes.fr\/wp-content\/uploads\/2025\/09\/Petit-dejeuner-professionnel-a-lhotel-Kyriad.jpg\" class=\"attachment-full size-full wp-image-11702\" alt=\"\" srcset=\"https:\/\/www.kyriad-vannes.fr\/wp-content\/uploads\/2025\/09\/Petit-dejeuner-professionnel-a-lhotel-Kyriad.jpg 1748w, https:\/\/www.kyriad-vannes.fr\/wp-content\/uploads\/2025\/09\/Petit-dejeuner-professionnel-a-lhotel-Kyriad-300x213.jpg 300w, https:\/\/www.kyriad-vannes.fr\/wp-content\/uploads\/2025\/09\/Petit-dejeuner-professionnel-a-lhotel-Kyriad-1024x726.jpg 1024w, https:\/\/www.kyriad-vannes.fr\/wp-content\/uploads\/2025\/09\/Petit-dejeuner-professionnel-a-lhotel-Kyriad-768x545.jpg 768w, https:\/\/www.kyriad-vannes.fr\/wp-content\/uploads\/2025\/09\/Petit-dejeuner-professionnel-a-lhotel-Kyriad-1536x1090.jpg 1536w, https:\/\/www.kyriad-vannes.fr\/wp-content\/uploads\/2025\/09\/Petit-dejeuner-professionnel-a-lhotel-Kyriad-18x12.jpg 18w\" sizes=\"(max-width: 1748px) 100vw, 1748px\" title=\"\"><\/div><\/a>\n\t\t\t\t<div class=\"elementor-post__text\">\n\t\t\t\t<h2 class=\"elementor-post__title\">\n\t\t\t<a href=\"https:\/\/www.kyriad-vannes.fr\/de\/actualites\/votre-petit-dejeuner-professionnel-a-vannes\/\" target=\"&quot;_blank&quot;\">\n\t\t\t\tIHR BERUFLICHES FR\u00dcHST\u00dcCK IN VANNES\t\t\t<\/a>\n\t\t<\/h2>\n\t\t\t\t\t<div class=\"elementor-post__read-more-wrapper\">\n\t\t\n\t\t<a class=\"elementor-post__read-more\" href=\"https:\/\/www.kyriad-vannes.fr\/de\/actualites\/votre-petit-dejeuner-professionnel-a-vannes\/\" aria-label=\"Mehr \u00fcber IHR PROFESSIONELLES FR\u00dcHST\u00dcCK IN VANNES\" tabindex=\"-1\" target=\"_blank\">\n\t\t\tWeiterlesen...\t\t<\/a>\n\n\t\t\t\t\t<\/div>\n\t\t\t\t<\/div>\n\t\t\t\t<div class=\"elementor-post__meta-data\">\n\t\t\t\t\t<span class=\"elementor-post-date\">\n\t\t\t19. September 2025\t\t<\/span>\n\t\t\t\t<\/div>\n\t\t\t\t\t<\/div>\n\t\t<\/article>\n\t\t\t\t<\/div>\n\t\t\n\t\t\t\t<div class=\"e-load-more-anchor\" data-page=\"1\" data-max-page=\"13\" data-next-page=\"https:\/\/www.kyriad-vannes.fr\/de\/?e-page-8d8f92e=2\"><\/div>\n\t\t\t\t<nav class=\"elementor-pagination\" aria-label=\"Seitennummerierung\">\n\t\t\t<span aria-current=\"page\" class=\"page-numbers current\"><span class=\"elementor-screen-only\">Seite<\/span>1<\/span>\n<a class=\"page-numbers\" href=\"https:\/\/www.kyriad-vannes.fr\/de\/wp-json\/wp\/v2\/pages\/374\/?e-page-8d8f92e=2\"><span class=\"elementor-screen-only\">Seite<\/span>2<\/a>\n<a class=\"page-numbers\" href=\"https:\/\/www.kyriad-vannes.fr\/de\/wp-json\/wp\/v2\/pages\/374\/?e-page-8d8f92e=3\"><span class=\"elementor-screen-only\">Seite<\/span>3<\/a>\n<a class=\"page-numbers\" href=\"https:\/\/www.kyriad-vannes.fr\/de\/wp-json\/wp\/v2\/pages\/374\/?e-page-8d8f92e=4\"><span class=\"elementor-screen-only\">Seite<\/span>4<\/a>\n<a class=\"page-numbers\" href=\"https:\/\/www.kyriad-vannes.fr\/de\/wp-json\/wp\/v2\/pages\/374\/?e-page-8d8f92e=5\"><span class=\"elementor-screen-only\">Seite<\/span>5<\/a>\n<a class=\"page-numbers\" href=\"https:\/\/www.kyriad-vannes.fr\/de\/wp-json\/wp\/v2\/pages\/374\/?e-page-8d8f92e=6\"><span class=\"elementor-screen-only\">Seite<\/span>6<\/a>\n<a class=\"page-numbers\" href=\"https:\/\/www.kyriad-vannes.fr\/de\/wp-json\/wp\/v2\/pages\/374\/?e-page-8d8f92e=7\"><span class=\"elementor-screen-only\">Seite<\/span>7<\/a>\n<a class=\"page-numbers\" href=\"https:\/\/www.kyriad-vannes.fr\/de\/wp-json\/wp\/v2\/pages\/374\/?e-page-8d8f92e=8\"><span class=\"elementor-screen-only\">Seite<\/span>8<\/a>\n<a class=\"page-numbers\" href=\"https:\/\/www.kyriad-vannes.fr\/de\/wp-json\/wp\/v2\/pages\/374\/?e-page-8d8f92e=9\"><span class=\"elementor-screen-only\">Seite<\/span>9<\/a>\n<a class=\"page-numbers\" href=\"https:\/\/www.kyriad-vannes.fr\/de\/wp-json\/wp\/v2\/pages\/374\/?e-page-8d8f92e=10\"><span class=\"elementor-screen-only\">Seite<\/span>10<\/a>\n<a class=\"page-numbers\" href=\"https:\/\/www.kyriad-vannes.fr\/de\/wp-json\/wp\/v2\/pages\/374\/?e-page-8d8f92e=11\"><span class=\"elementor-screen-only\">Seite<\/span>11<\/a>\n<a class=\"page-numbers\" href=\"https:\/\/www.kyriad-vannes.fr\/de\/wp-json\/wp\/v2\/pages\/374\/?e-page-8d8f92e=12\"><span class=\"elementor-screen-only\">Seite<\/span>12<\/a>\n<a class=\"page-numbers\" href=\"https:\/\/www.kyriad-vannes.fr\/de\/wp-json\/wp\/v2\/pages\/374\/?e-page-8d8f92e=13\"><span class=\"elementor-screen-only\">Seite<\/span>13<\/a>\t\t<\/nav>\n\t\t\t\t\t\t<\/div>\n\t\t\t\t<\/div>\n\t\t\t\t\t<\/div>\n\t\t<\/div>\n\t\t\t\t\t<\/div>\n\t\t<\/section>\n\t\t\t\t<section class=\"elementor-section elementor-top-section elementor-element elementor-element-4fc0ae9 elementor-section-full_width elementor-section-height-default elementor-section-height-default\" data-id=\"4fc0ae9\" data-element_type=\"section\" data-e-type=\"section\" data-settings=\"{&quot;background_background&quot;:&quot;classic&quot;}\">\n\t\t\t\t\t\t\t<div class=\"elementor-background-overlay\"><\/div>\n\t\t\t\t\t\t\t<div class=\"elementor-container elementor-column-gap-narrow\">\n\t\t\t\t\t<div class=\"elementor-column elementor-col-100 elementor-top-column elementor-element elementor-element-df12159\" data-id=\"df12159\" data-element_type=\"column\" data-e-type=\"column\">\n\t\t\t<div class=\"elementor-widget-wrap elementor-element-populated\">\n\t\t\t\t\t\t<section class=\"elementor-section elementor-inner-section elementor-element elementor-element-47c796b elementor-section-boxed elementor-section-height-default elementor-section-height-default\" data-id=\"47c796b\" data-element_type=\"section\" data-e-type=\"section\">\n\t\t\t\t\t\t<div class=\"elementor-container elementor-column-gap-default\">\n\t\t\t\t\t<div class=\"elementor-column elementor-col-33 elementor-inner-column elementor-element elementor-element-baf4f42\" data-id=\"baf4f42\" data-element_type=\"column\" data-e-type=\"column\">\n\t\t\t<div class=\"elementor-widget-wrap elementor-element-populated\">\n\t\t\t\t\t\t<div class=\"elementor-element elementor-element-9286c09 elementor-widget-divider--view-line elementor-widget elementor-widget-divider\" data-id=\"9286c09\" data-element_type=\"widget\" data-e-type=\"widget\" data-widget_type=\"divider.default\">\n\t\t\t\t<div class=\"elementor-widget-container\">\n\t\t\t\t\t\t\t<div class=\"elementor-divider\">\n\t\t\t<span class=\"elementor-divider-separator\">\n\t\t\t\t\t\t<\/span>\n\t\t<\/div>\n\t\t\t\t\t\t<\/div>\n\t\t\t\t<\/div>\n\t\t\t\t\t<\/div>\n\t\t<\/div>\n\t\t\t\t<div class=\"elementor-column elementor-col-33 elementor-inner-column elementor-element elementor-element-a13b391\" data-id=\"a13b391\" data-element_type=\"column\" data-e-type=\"column\">\n\t\t\t<div class=\"elementor-widget-wrap elementor-element-populated\">\n\t\t\t\t\t\t<div class=\"elementor-element elementor-element-48e3fb3 elementor-widget elementor-widget-image\" data-id=\"48e3fb3\" data-element_type=\"widget\" data-e-type=\"widget\" data-widget_type=\"image.default\">\n\t\t\t\t<div class=\"elementor-widget-container\">\n\t\t\t\t\t\t\t\t\t\t\t\t\t\t\t<img loading=\"lazy\" decoding=\"async\" width=\"28\" height=\"28\" src=\"https:\/\/www.kyriad-vannes.fr\/wp-content\/uploads\/2024\/07\/favicon-Kyriad.png\" class=\"attachment-full size-full wp-image-7570\" alt=\"\" srcset=\"https:\/\/www.kyriad-vannes.fr\/wp-content\/uploads\/2024\/07\/favicon-Kyriad.png 28w, https:\/\/www.kyriad-vannes.fr\/wp-content\/uploads\/2024\/07\/favicon-Kyriad-12x12.png 12w\" sizes=\"(max-width: 28px) 100vw, 28px\" title=\"\">\t\t\t\t\t\t\t\t\t\t\t\t\t\t\t<\/div>\n\t\t\t\t<\/div>\n\t\t\t\t\t<\/div>\n\t\t<\/div>\n\t\t\t\t<div class=\"elementor-column elementor-col-33 elementor-inner-column elementor-element elementor-element-2f4a2fb\" data-id=\"2f4a2fb\" data-element_type=\"column\" data-e-type=\"column\">\n\t\t\t<div class=\"elementor-widget-wrap elementor-element-populated\">\n\t\t\t\t\t\t<div class=\"elementor-element elementor-element-48516d0 elementor-widget-divider--view-line elementor-widget elementor-widget-divider\" data-id=\"48516d0\" data-element_type=\"widget\" data-e-type=\"widget\" data-widget_type=\"divider.default\">\n\t\t\t\t<div class=\"elementor-widget-container\">\n\t\t\t\t\t\t\t<div class=\"elementor-divider\">\n\t\t\t<span class=\"elementor-divider-separator\">\n\t\t\t\t\t\t<\/span>\n\t\t<\/div>\n\t\t\t\t\t\t<\/div>\n\t\t\t\t<\/div>\n\t\t\t\t\t<\/div>\n\t\t<\/div>\n\t\t\t\t\t<\/div>\n\t\t<\/section>\n\t\t\t\t<div class=\"elementor-element elementor-element-bc59329 elementor-widget elementor-widget-heading\" data-id=\"bc59329\" data-element_type=\"widget\" data-e-type=\"widget\" data-widget_type=\"heading.default\">\n\t\t\t\t<div class=\"elementor-widget-container\">\n\t\t\t\t\t<h2 class=\"elementor-heading-title elementor-size-default\">Entdecken Sie<\/h2>\t\t\t\t<\/div>\n\t\t\t\t<\/div>\n\t\t\t\t<section class=\"elementor-section elementor-inner-section elementor-element elementor-element-f8f498e elementor-section-boxed elementor-section-height-default elementor-section-height-default\" data-id=\"f8f498e\" data-element_type=\"section\" data-e-type=\"section\">\n\t\t\t\t\t\t<div class=\"elementor-container elementor-column-gap-default\">\n\t\t\t\t\t<div class=\"elementor-column elementor-col-33 elementor-inner-column elementor-element elementor-element-1139322\" data-id=\"1139322\" data-element_type=\"column\" data-e-type=\"column\">\n\t\t\t<div class=\"elementor-widget-wrap elementor-element-populated\">\n\t\t\t\t\t\t<div class=\"elementor-element elementor-element-a4b6d81 elementor-widget elementor-widget-image\" data-id=\"a4b6d81\" data-element_type=\"widget\" data-e-type=\"widget\" data-widget_type=\"image.default\">\n\t\t\t\t<div class=\"elementor-widget-container\">\n\t\t\t\t\t\t\t\t\t\t\t\t\t\t\t<img loading=\"lazy\" decoding=\"async\" width=\"1748\" height=\"1240\" src=\"https:\/\/www.kyriad-vannes.fr\/wp-content\/uploads\/2024\/09\/Ambiance-restaurant-Vannes-A-lImage-Sainte-Anne-3.png\" class=\"attachment-full size-full wp-image-8547\" alt=\"\" srcset=\"https:\/\/www.kyriad-vannes.fr\/wp-content\/uploads\/2024\/09\/Ambiance-restaurant-Vannes-A-lImage-Sainte-Anne-3.png 1748w, https:\/\/www.kyriad-vannes.fr\/wp-content\/uploads\/2024\/09\/Ambiance-restaurant-Vannes-A-lImage-Sainte-Anne-3-300x213.png 300w, https:\/\/www.kyriad-vannes.fr\/wp-content\/uploads\/2024\/09\/Ambiance-restaurant-Vannes-A-lImage-Sainte-Anne-3-1024x726.png 1024w, https:\/\/www.kyriad-vannes.fr\/wp-content\/uploads\/2024\/09\/Ambiance-restaurant-Vannes-A-lImage-Sainte-Anne-3-768x545.png 768w, https:\/\/www.kyriad-vannes.fr\/wp-content\/uploads\/2024\/09\/Ambiance-restaurant-Vannes-A-lImage-Sainte-Anne-3-1536x1090.png 1536w, https:\/\/www.kyriad-vannes.fr\/wp-content\/uploads\/2024\/09\/Ambiance-restaurant-Vannes-A-lImage-Sainte-Anne-3-18x12.png 18w\" sizes=\"(max-width: 1748px) 100vw, 1748px\" title=\"\">\t\t\t\t\t\t\t\t\t\t\t\t\t\t\t<\/div>\n\t\t\t\t<\/div>\n\t\t\t\t<div class=\"elementor-element elementor-element-38c11de elementor-widget elementor-widget-heading\" data-id=\"38c11de\" data-element_type=\"widget\" data-e-type=\"widget\" data-widget_type=\"heading.default\">\n\t\t\t\t<div class=\"elementor-widget-container\">\n\t\t\t\t\t<h3 class=\"elementor-heading-title elementor-size-default\">Restaurant<\/h3>\t\t\t\t<\/div>\n\t\t\t\t<\/div>\n\t\t\t\t<div class=\"elementor-element elementor-element-2416dc0 elementor-widget elementor-widget-text-editor\" data-id=\"2416dc0\" data-element_type=\"widget\" data-e-type=\"widget\" data-widget_type=\"text-editor.default\">\n\t\t\t\t<div class=\"elementor-widget-container\">\n\t\t\t\t\t\t\t\t\t<p>Das \u00c0 l'Image Sainte-Anne ist seit 1948 ein renommierter Tisch im Pays Vannetais und bietet Ihnen eine kreative regionale K\u00fcche in einer herzlichen und entspannten Atmosph\u00e4re.<\/p>\t\t\t\t\t\t\t\t<\/div>\n\t\t\t\t<\/div>\n\t\t\t\t<div class=\"elementor-element elementor-element-2f459ad elementor-tablet-align-center elementor-widget elementor-widget-button\" data-id=\"2f459ad\" data-element_type=\"widget\" data-e-type=\"widget\" data-widget_type=\"button.default\">\n\t\t\t\t<div class=\"elementor-widget-container\">\n\t\t\t\t\t\t\t\t\t<div class=\"elementor-button-wrapper\">\n\t\t\t\t\t<a class=\"elementor-button elementor-button-link elementor-size-sm\" href=\"https:\/\/www.kyriad-vannes.fr\/de\/ou-manger-a-vannes\/\">\n\t\t\t\t\t\t<span class=\"elementor-button-content-wrapper\">\n\t\t\t\t\t\t\t\t\t<span class=\"elementor-button-text\">Mehr sehen<\/span>\n\t\t\t\t\t<\/span>\n\t\t\t\t\t<\/a>\n\t\t\t\t<\/div>\n\t\t\t\t\t\t\t\t<\/div>\n\t\t\t\t<\/div>\n\t\t\t\t\t<\/div>\n\t\t<\/div>\n\t\t\t\t<div class=\"elementor-column elementor-col-33 elementor-inner-column elementor-element elementor-element-4d691ba\" data-id=\"4d691ba\" data-element_type=\"column\" data-e-type=\"column\">\n\t\t\t<div class=\"elementor-widget-wrap elementor-element-populated\">\n\t\t\t\t\t\t<div class=\"elementor-element elementor-element-0fac6ba elementor-widget elementor-widget-image\" data-id=\"0fac6ba\" data-element_type=\"widget\" data-e-type=\"widget\" data-widget_type=\"image.default\">\n\t\t\t\t<div class=\"elementor-widget-container\">\n\t\t\t\t\t\t\t\t\t\t\t\t\t\t\t<img loading=\"lazy\" decoding=\"async\" width=\"940\" height=\"788\" src=\"https:\/\/www.kyriad-vannes.fr\/wp-content\/uploads\/2024\/07\/Croisiere-dans-le-Golfe-du-Morbihan.png\" class=\"attachment-full size-full wp-image-7785\" alt=\"\" srcset=\"https:\/\/www.kyriad-vannes.fr\/wp-content\/uploads\/2024\/07\/Croisiere-dans-le-Golfe-du-Morbihan.png 940w, https:\/\/www.kyriad-vannes.fr\/wp-content\/uploads\/2024\/07\/Croisiere-dans-le-Golfe-du-Morbihan-300x251.png 300w, https:\/\/www.kyriad-vannes.fr\/wp-content\/uploads\/2024\/07\/Croisiere-dans-le-Golfe-du-Morbihan-768x644.png 768w, https:\/\/www.kyriad-vannes.fr\/wp-content\/uploads\/2024\/07\/Croisiere-dans-le-Golfe-du-Morbihan-14x12.png 14w\" sizes=\"(max-width: 940px) 100vw, 940px\" title=\"\">\t\t\t\t\t\t\t\t\t\t\t\t\t\t\t<\/div>\n\t\t\t\t<\/div>\n\t\t\t\t<div class=\"elementor-element elementor-element-abe9c2e elementor-widget elementor-widget-heading\" data-id=\"abe9c2e\" data-element_type=\"widget\" data-e-type=\"widget\" data-widget_type=\"heading.default\">\n\t\t\t\t<div class=\"elementor-widget-container\">\n\t\t\t\t\t<h3 class=\"elementor-heading-title elementor-size-default\">Tourismus<\/h3>\t\t\t\t<\/div>\n\t\t\t\t<\/div>\n\t\t\t\t<div class=\"elementor-element elementor-element-bfd28ca elementor-widget elementor-widget-text-editor\" data-id=\"bfd28ca\" data-element_type=\"widget\" data-e-type=\"widget\" data-widget_type=\"text-editor.default\">\n\t\t\t\t<div class=\"elementor-widget-container\">\n\t\t\t\t\t\t\t\t\t<p>Vannes liegt im Westen Frankreichs und ist eine Stadt im D\u00e9partement Morbihan. Es ist eine Stadt, die dank ihrer geschichtstr\u00e4chtigen Sehensw\u00fcrdigkeiten und Freizeitangebote viele Touristen anzieht.<\/p>\t\t\t\t\t\t\t\t<\/div>\n\t\t\t\t<\/div>\n\t\t\t\t<div class=\"elementor-element elementor-element-e28bd56 elementor-tablet-align-center elementor-widget elementor-widget-button\" data-id=\"e28bd56\" data-element_type=\"widget\" data-e-type=\"widget\" data-widget_type=\"button.default\">\n\t\t\t\t<div class=\"elementor-widget-container\">\n\t\t\t\t\t\t\t\t\t<div class=\"elementor-button-wrapper\">\n\t\t\t\t\t<a class=\"elementor-button elementor-button-link elementor-size-sm\" href=\"https:\/\/www.kyriad-vannes.fr\/de\/tourisme\/\">\n\t\t\t\t\t\t<span class=\"elementor-button-content-wrapper\">\n\t\t\t\t\t\t\t\t\t<span class=\"elementor-button-text\">Mehr sehen<\/span>\n\t\t\t\t\t<\/span>\n\t\t\t\t\t<\/a>\n\t\t\t\t<\/div>\n\t\t\t\t\t\t\t\t<\/div>\n\t\t\t\t<\/div>\n\t\t\t\t\t<\/div>\n\t\t<\/div>\n\t\t\t\t<div class=\"elementor-column elementor-col-33 elementor-inner-column elementor-element elementor-element-9023357\" data-id=\"9023357\" data-element_type=\"column\" data-e-type=\"column\">\n\t\t\t<div class=\"elementor-widget-wrap elementor-element-populated\">\n\t\t\t\t\t\t<div class=\"elementor-element elementor-element-e34393a elementor-widget elementor-widget-image\" data-id=\"e34393a\" data-element_type=\"widget\" data-e-type=\"widget\" data-widget_type=\"image.default\">\n\t\t\t\t<div class=\"elementor-widget-container\">\n\t\t\t\t\t\t\t\t\t\t\t\t\t\t\t<img loading=\"lazy\" decoding=\"async\" width=\"1500\" height=\"1000\" src=\"https:\/\/www.kyriad-vannes.fr\/wp-content\/uploads\/2024\/07\/74769159_XXL-1.jpg\" class=\"attachment-full size-full wp-image-7684\" alt=\"\" srcset=\"https:\/\/www.kyriad-vannes.fr\/wp-content\/uploads\/2024\/07\/74769159_XXL-1.jpg 1500w, https:\/\/www.kyriad-vannes.fr\/wp-content\/uploads\/2024\/07\/74769159_XXL-1-300x200.jpg 300w, https:\/\/www.kyriad-vannes.fr\/wp-content\/uploads\/2024\/07\/74769159_XXL-1-1024x683.jpg 1024w, https:\/\/www.kyriad-vannes.fr\/wp-content\/uploads\/2024\/07\/74769159_XXL-1-768x512.jpg 768w, https:\/\/www.kyriad-vannes.fr\/wp-content\/uploads\/2024\/07\/74769159_XXL-1-18x12.jpg 18w\" sizes=\"(max-width: 1500px) 100vw, 1500px\" title=\"\">\t\t\t\t\t\t\t\t\t\t\t\t\t\t\t<\/div>\n\t\t\t\t<\/div>\n\t\t\t\t<div class=\"elementor-element elementor-element-8ed3537 elementor-widget elementor-widget-heading\" data-id=\"8ed3537\" data-element_type=\"widget\" data-e-type=\"widget\" data-widget_type=\"heading.default\">\n\t\t\t\t<div class=\"elementor-widget-container\">\n\t\t\t\t\t<h3 class=\"elementor-heading-title elementor-size-default\">Zimmer<\/h3>\t\t\t\t<\/div>\n\t\t\t\t<\/div>\n\t\t\t\t<div class=\"elementor-element elementor-element-5ebfb7d elementor-widget elementor-widget-text-editor\" data-id=\"5ebfb7d\" data-element_type=\"widget\" data-e-type=\"widget\" data-widget_type=\"text-editor.default\">\n\t\t\t\t<div class=\"elementor-widget-container\">\n\t\t\t\t\t\t\t\t\t<p>Die 45 Zimmer unseres charmanten Hotels in Vannes bieten Ihnen Ruhe und Entspannung in einem Ambiente, das Modernes und Traditionelles miteinander verbindet, nur wenige Schritte vom historischen Zentrum von Vannes entfernt.<\/p>\t\t\t\t\t\t\t\t<\/div>\n\t\t\t\t<\/div>\n\t\t\t\t<div class=\"elementor-element elementor-element-206a8ab elementor-tablet-align-center elementor-widget elementor-widget-button\" data-id=\"206a8ab\" data-element_type=\"widget\" data-e-type=\"widget\" data-widget_type=\"button.default\">\n\t\t\t\t<div class=\"elementor-widget-container\">\n\t\t\t\t\t\t\t\t\t<div class=\"elementor-button-wrapper\">\n\t\t\t\t\t<a class=\"elementor-button elementor-button-link elementor-size-sm\" href=\"https:\/\/www.kyriad-vannes.fr\/de\/chambres-hotel-vannes-centre\/\">\n\t\t\t\t\t\t<span class=\"elementor-button-content-wrapper\">\n\t\t\t\t\t\t\t\t\t<span class=\"elementor-button-text\">Mehr sehen<\/span>\n\t\t\t\t\t<\/span>\n\t\t\t\t\t<\/a>\n\t\t\t\t<\/div>\n\t\t\t\t\t\t\t\t<\/div>\n\t\t\t\t<\/div>\n\t\t\t\t\t<\/div>\n\t\t<\/div>\n\t\t\t\t\t<\/div>\n\t\t<\/section>\n\t\t\t\t\t<\/div>\n\t\t<\/div>\n\t\t\t\t\t<\/div>\n\t\t<\/section>\n\t\t\t\t<\/div>","protected":false},"excerpt":{"rendered":"<p>Entdecken Sie unsere Neuigkeiten Entdecken Sie Restaurant Seit 1948 ist \u00c0 l'Image Sainte-Anne ein renommierter Tisch in der Region Vannetais.<\/p>","protected":false},"author":4,"featured_media":2467,"parent":0,"menu_order":0,"comment_status":"closed","ping_status":"closed","template":"","meta":{"_acf_changed":false,"inline_featured_image":false,"footnotes":""},"class_list":["post-374","page","type-page","status-publish","has-post-thumbnail","hentry"],"acf":[],"_links":{"self":[{"href":"https:\/\/www.kyriad-vannes.fr\/de\/wp-json\/wp\/v2\/pages\/374","targetHints":{"allow":["GET"]}}],"collection":[{"href":"https:\/\/www.kyriad-vannes.fr\/de\/wp-json\/wp\/v2\/pages"}],"about":[{"href":"https:\/\/www.kyriad-vannes.fr\/de\/wp-json\/wp\/v2\/types\/page"}],"author":[{"embeddable":true,"href":"https:\/\/www.kyriad-vannes.fr\/de\/wp-json\/wp\/v2\/users\/4"}],"replies":[{"embeddable":true,"href":"https:\/\/www.kyriad-vannes.fr\/de\/wp-json\/wp\/v2\/comments?post=374"}],"version-history":[{"count":199,"href":"https:\/\/www.kyriad-vannes.fr\/de\/wp-json\/wp\/v2\/pages\/374\/revisions"}],"predecessor-version":[{"id":10982,"href":"https:\/\/www.kyriad-vannes.fr\/de\/wp-json\/wp\/v2\/pages\/374\/revisions\/10982"}],"wp:featuredmedia":[{"embeddable":true,"href":"https:\/\/www.kyriad-vannes.fr\/de\/wp-json\/wp\/v2\/media\/2467"}],"wp:attachment":[{"href":"https:\/\/www.kyriad-vannes.fr\/de\/wp-json\/wp\/v2\/media?parent=374"}],"curies":[{"name":"wp","href":"https:\/\/api.w.org\/{rel}","templated":true}]}}