{"id":2808,"date":"2022-11-10T10:55:52","date_gmt":"2022-11-10T09:55:52","guid":{"rendered":"https:\/\/www.kyriad-vannes.fr\/?page_id=2808"},"modified":"2025-02-27T09:33:56","modified_gmt":"2025-02-27T08:33:56","slug":"partners","status":"publish","type":"page","link":"https:\/\/www.kyriad-vannes.fr\/en\/partenaires\/","title":{"rendered":"Partners"},"content":{"rendered":"<div data-elementor-type=\"wp-page\" data-elementor-id=\"2808\" class=\"elementor elementor-2808\" data-elementor-post-type=\"page\">\n\t\t\t\t\t\t<section class=\"elementor-section elementor-top-section elementor-element elementor-element-94681a1 elementor-section-height-min-height elementor-section-boxed elementor-section-height-default elementor-section-items-middle\" data-id=\"94681a1\" data-element_type=\"section\" data-e-type=\"section\" id=\"top\" data-settings=\"{&quot;background_background&quot;:&quot;classic&quot;}\">\n\t\t\t\t\t\t\t<div class=\"elementor-background-overlay\"><\/div>\n\t\t\t\t\t\t\t<div class=\"elementor-container elementor-column-gap-default\">\n\t\t\t\t\t<div class=\"elementor-column elementor-col-100 elementor-top-column elementor-element elementor-element-f32b7d7\" data-id=\"f32b7d7\" data-element_type=\"column\" data-e-type=\"column\">\n\t\t\t<div class=\"elementor-widget-wrap elementor-element-populated\">\n\t\t\t\t\t\t\t<\/div>\n\t\t<\/div>\n\t\t\t\t\t<\/div>\n\t\t<\/section>\n\t\t\t\t<section class=\"elementor-section elementor-top-section elementor-element elementor-element-29a8542 elementor-section-boxed elementor-section-height-default elementor-section-height-default\" data-id=\"29a8542\" data-element_type=\"section\" data-e-type=\"section\" data-settings=\"{&quot;background_background&quot;:&quot;classic&quot;}\">\n\t\t\t\t\t\t<div class=\"elementor-container elementor-column-gap-default\">\n\t\t\t\t\t<div class=\"elementor-column elementor-col-100 elementor-top-column elementor-element elementor-element-7b9e4a4\" data-id=\"7b9e4a4\" data-element_type=\"column\" data-e-type=\"column\">\n\t\t\t<div class=\"elementor-widget-wrap elementor-element-populated\">\n\t\t\t\t\t\t<div class=\"elementor-element elementor-element-b029a1d elementor-widget elementor-widget-heading\" data-id=\"b029a1d\" data-element_type=\"widget\" data-e-type=\"widget\" data-widget_type=\"heading.default\">\n\t\t\t\t<div class=\"elementor-widget-container\">\n\t\t\t\t\t<h2 class=\"elementor-heading-title elementor-size-default\">Partners and Activities in Vannes, Morbihan!<\/h2>\t\t\t\t<\/div>\n\t\t\t\t<\/div>\n\t\t\t\t\t<\/div>\n\t\t<\/div>\n\t\t\t\t\t<\/div>\n\t\t<\/section>\n\t\t<div class=\"elementor-element elementor-element-c83d63e e-flex e-con-boxed e-con e-parent\" data-id=\"c83d63e\" data-element_type=\"container\" data-e-type=\"container\">\n\t\t\t\t\t<div class=\"e-con-inner\">\n\t\t<div class=\"elementor-element elementor-element-7242dca e-con-full e-flex e-con e-child\" data-id=\"7242dca\" data-element_type=\"container\" data-e-type=\"container\">\n\t\t\t\t<\/div>\n\t\t<div class=\"elementor-element elementor-element-72ace19 e-con-full e-flex e-con e-child\" data-id=\"72ace19\" data-element_type=\"container\" data-e-type=\"container\" data-settings=\"{&quot;background_background&quot;:&quot;classic&quot;}\">\n\t\t<div class=\"elementor-element elementor-element-3ae85a7 e-con-full e-flex e-con e-child\" data-id=\"3ae85a7\" data-element_type=\"container\" data-e-type=\"container\">\n\t\t\t\t<div class=\"elementor-element elementor-element-4f59c20 elementor-widget elementor-widget-text-editor\" data-id=\"4f59c20\" data-element_type=\"widget\" data-e-type=\"widget\" data-widget_type=\"text-editor.default\">\n\t\t\t\t<div class=\"elementor-widget-container\">\n\t\t\t\t\t\t\t\t\t<p>Hotel Vannes | Partner at the rhythm of the tides<\/p>\t\t\t\t\t\t\t\t<\/div>\n\t\t\t\t<\/div>\n\t\t\t\t<div class=\"elementor-element elementor-element-a656952 elementor-widget elementor-widget-text-editor\" data-id=\"a656952\" data-element_type=\"widget\" data-e-type=\"widget\" data-widget_type=\"text-editor.default\">\n\t\t\t\t<div class=\"elementor-widget-container\">\n\t\t\t\t\t\t\t\t\tAn introduction to the traditional skills of oyster farming\nIvan Selo and his team offer an introduction to the traditional skills of oyster farming.\n\nThese friendly and surprising walks will teach you a lot about nature and sometimes about yourself!\n\nExperience a unique encounter with the men who sculpt the shells. Finish the walk with an oyster tasting session with your feet in the water!\n\nTel: 06 04 59 68 28.\t\t\t\t\t\t\t\t<\/div>\n\t\t\t\t<\/div>\n\t\t\t\t<div class=\"elementor-element elementor-element-5ef78c5 elementor-tablet-align-center elementor-widget elementor-widget-button\" data-id=\"5ef78c5\" data-element_type=\"widget\" data-e-type=\"widget\" data-widget_type=\"button.default\">\n\t\t\t\t<div class=\"elementor-widget-container\">\n\t\t\t\t\t\t\t\t\t<div class=\"elementor-button-wrapper\">\n\t\t\t\t\t<a class=\"elementor-button elementor-button-link elementor-size-sm\" href=\"https:\/\/huitrelatoulverne.fr\/\" target=\"_blank\" rel=\"nofollow noopener\">\n\t\t\t\t\t\t<span class=\"elementor-button-content-wrapper\">\n\t\t\t\t\t\t\t\t\t<span class=\"elementor-button-text\">Find out more<\/span>\n\t\t\t\t\t<\/span>\n\t\t\t\t\t<\/a>\n\t\t\t\t<\/div>\n\t\t\t\t\t\t\t\t<\/div>\n\t\t\t\t<\/div>\n\t\t\t\t<\/div>\n\t\t\t\t<div class=\"elementor-element elementor-element-0db7e23 elementor-widget__width-initial elementor-widget elementor-widget-image\" data-id=\"0db7e23\" data-element_type=\"widget\" data-e-type=\"widget\" data-widget_type=\"image.default\">\n\t\t\t\t<div class=\"elementor-widget-container\">\n\t\t\t\t\t\t\t\t\t\t\t\t\t\t\t<img fetchpriority=\"high\" decoding=\"async\" width=\"940\" height=\"788\" src=\"https:\/\/www.kyriad-vannes.fr\/wp-content\/uploads\/2024\/12\/Au-rythme-des-marees-Ostreiculture-3.png\" class=\"attachment-full size-full wp-image-10053\" alt=\"\" srcset=\"https:\/\/www.kyriad-vannes.fr\/wp-content\/uploads\/2024\/12\/Au-rythme-des-marees-Ostreiculture-3.png 940w, https:\/\/www.kyriad-vannes.fr\/wp-content\/uploads\/2024\/12\/Au-rythme-des-marees-Ostreiculture-3-300x251.png 300w, https:\/\/www.kyriad-vannes.fr\/wp-content\/uploads\/2024\/12\/Au-rythme-des-marees-Ostreiculture-3-768x644.png 768w, https:\/\/www.kyriad-vannes.fr\/wp-content\/uploads\/2024\/12\/Au-rythme-des-marees-Ostreiculture-3-14x12.png 14w\" sizes=\"(max-width: 940px) 100vw, 940px\" title=\"\">\t\t\t\t\t\t\t\t\t\t\t\t\t\t\t<\/div>\n\t\t\t\t<\/div>\n\t\t\t\t<\/div>\n\t\t\t\t\t<\/div>\n\t\t\t\t<\/div>\n\t\t<div class=\"elementor-element elementor-element-1cfe83f e-flex e-con-boxed e-con e-parent\" data-id=\"1cfe83f\" data-element_type=\"container\" data-e-type=\"container\">\n\t\t\t\t\t<div class=\"e-con-inner\">\n\t\t<div class=\"elementor-element elementor-element-995d8b6 e-con-full e-flex e-con e-child\" data-id=\"995d8b6\" data-element_type=\"container\" data-e-type=\"container\">\n\t\t\t\t<\/div>\n\t\t<div class=\"elementor-element elementor-element-51f955a e-con-full e-flex e-con e-child\" data-id=\"51f955a\" data-element_type=\"container\" data-e-type=\"container\" data-settings=\"{&quot;background_background&quot;:&quot;classic&quot;}\">\n\t\t<div class=\"elementor-element elementor-element-8905488 e-con-full e-flex e-con e-child\" data-id=\"8905488\" data-element_type=\"container\" data-e-type=\"container\">\n\t\t\t\t<div class=\"elementor-element elementor-element-fbed684 elementor-widget elementor-widget-text-editor\" data-id=\"fbed684\" data-element_type=\"widget\" data-e-type=\"widget\" data-widget_type=\"text-editor.default\">\n\t\t\t\t<div class=\"elementor-widget-container\">\n\t\t\t\t\t\t\t\t\t<p>Hotel Vannes | Navix Partner - cruises in the heart of Morbihan<\/p>\t\t\t\t\t\t\t\t<\/div>\n\t\t\t\t<\/div>\n\t\t\t\t<div class=\"elementor-element elementor-element-cf74c34 elementor-widget elementor-widget-text-editor\" data-id=\"cf74c34\" data-element_type=\"widget\" data-e-type=\"widget\" data-widget_type=\"text-editor.default\">\n\t\t\t\t<div class=\"elementor-widget-container\">\n\t\t\t\t\t\t\t\t\t<p><span style=\"font-size: 16px;\">Discover the islands of Southern Brittany!<\/span><\/p><div class=\"introduction\"><div class=\"introduction\"><p>Navix Compagnie des \u00celes is a long-established company in Morbihan, offering a full range of cruises in the Gulf of Morbihan, as well as crossings to Belle-Ile-en-Mer, the island of Houat and the island of Hoedic.<\/p><p>With 11 departure ports and a modern, comfortable fleet, we'll do everything we can to make sure you have an unforgettable maritime experience.<\/p><\/div><\/div><p>Tel : 0297466000<\/p>\t\t\t\t\t\t\t\t<\/div>\n\t\t\t\t<\/div>\n\t\t\t\t<div class=\"elementor-element elementor-element-5adbfc5 elementor-tablet-align-center elementor-widget elementor-widget-button\" data-id=\"5adbfc5\" data-element_type=\"widget\" data-e-type=\"widget\" data-widget_type=\"button.default\">\n\t\t\t\t<div class=\"elementor-widget-container\">\n\t\t\t\t\t\t\t\t\t<div class=\"elementor-button-wrapper\">\n\t\t\t\t\t<a class=\"elementor-button elementor-button-link elementor-size-sm\" href=\"https:\/\/www.navix.fr\/\" target=\"_blank\" rel=\"nofollow noopener\">\n\t\t\t\t\t\t<span class=\"elementor-button-content-wrapper\">\n\t\t\t\t\t\t\t\t\t<span class=\"elementor-button-text\">Find out more<\/span>\n\t\t\t\t\t<\/span>\n\t\t\t\t\t<\/a>\n\t\t\t\t<\/div>\n\t\t\t\t\t\t\t\t<\/div>\n\t\t\t\t<\/div>\n\t\t\t\t<\/div>\n\t\t\t\t<div class=\"elementor-element elementor-element-2cffa11 elementor-widget elementor-widget-image\" data-id=\"2cffa11\" data-element_type=\"widget\" data-e-type=\"widget\" data-widget_type=\"image.default\">\n\t\t\t\t<div class=\"elementor-widget-container\">\n\t\t\t\t\t\t\t\t\t\t\t\t\t\t\t<img decoding=\"async\" width=\"940\" height=\"788\" src=\"https:\/\/www.kyriad-vannes.fr\/wp-content\/uploads\/2024\/12\/NAVIX-Croisiere-dans-le-Golfe-du-Morbihan.png\" class=\"attachment-full size-full wp-image-10054\" alt=\"\" srcset=\"https:\/\/www.kyriad-vannes.fr\/wp-content\/uploads\/2024\/12\/NAVIX-Croisiere-dans-le-Golfe-du-Morbihan.png 940w, https:\/\/www.kyriad-vannes.fr\/wp-content\/uploads\/2024\/12\/NAVIX-Croisiere-dans-le-Golfe-du-Morbihan-300x251.png 300w, https:\/\/www.kyriad-vannes.fr\/wp-content\/uploads\/2024\/12\/NAVIX-Croisiere-dans-le-Golfe-du-Morbihan-768x644.png 768w, https:\/\/www.kyriad-vannes.fr\/wp-content\/uploads\/2024\/12\/NAVIX-Croisiere-dans-le-Golfe-du-Morbihan-14x12.png 14w\" sizes=\"(max-width: 940px) 100vw, 940px\" title=\"\">\t\t\t\t\t\t\t\t\t\t\t\t\t\t\t<\/div>\n\t\t\t\t<\/div>\n\t\t\t\t<\/div>\n\t\t\t\t\t<\/div>\n\t\t\t\t<\/div>\n\t\t<div class=\"elementor-element elementor-element-3f9526d e-flex e-con-boxed e-con e-parent\" data-id=\"3f9526d\" data-element_type=\"container\" data-e-type=\"container\">\n\t\t\t\t\t<div class=\"e-con-inner\">\n\t\t<div class=\"elementor-element elementor-element-caa397a e-con-full e-flex e-con e-child\" data-id=\"caa397a\" data-element_type=\"container\" data-e-type=\"container\">\n\t\t\t\t<\/div>\n\t\t<div class=\"elementor-element elementor-element-83d47ce e-con-full e-flex e-con e-child\" data-id=\"83d47ce\" data-element_type=\"container\" data-e-type=\"container\" data-settings=\"{&quot;background_background&quot;:&quot;classic&quot;}\">\n\t\t<div class=\"elementor-element elementor-element-fae9776 e-con-full e-flex e-con e-child\" data-id=\"fae9776\" data-element_type=\"container\" data-e-type=\"container\">\n\t\t\t\t<div class=\"elementor-element elementor-element-07481cf elementor-widget elementor-widget-text-editor\" data-id=\"07481cf\" data-element_type=\"widget\" data-e-type=\"widget\" data-widget_type=\"text-editor.default\">\n\t\t\t\t<div class=\"elementor-widget-container\">\n\t\t\t\t\t\t\t\t\t<p>Hotel Kyriad Vannes | Restaurant C\u00f4te Patio<\/p>\t\t\t\t\t\t\t\t<\/div>\n\t\t\t\t<\/div>\n\t\t\t\t<div class=\"elementor-element elementor-element-8a3fa77 elementor-widget elementor-widget-text-editor\" data-id=\"8a3fa77\" data-element_type=\"widget\" data-e-type=\"widget\" data-widget_type=\"text-editor.default\">\n\t\t\t\t<div class=\"elementor-widget-container\">\n\t\t\t\t\t\t\t\t\t<div class=\"introduction\">Simple, gourmet cuisine in a contemporary, tropical setting. Patio and terrace for chilling out!<\/div><p>Le\u00a0<strong><a href=\"http:\/\/www.bestwestern-vannescentre.com\/restaurant-vannes.html\" target=\"_blank\" rel=\"noopener noreferrer nofollow\">restaurant C\u00f4t\u00e9 Patio<\/a><\/strong>our neighbour, welcomes you all year round to its modern, contemporary setting. The chef's cuisine combines innovation, creativity and taste. The menu takes you on a journey from land to sea, with new flavours created from local produce.<\/p><p>With its terrace, the restaurant offers a sunny and pleasant setting in Vannes. The restaurant also has a private room for group events.\u00a0<\/p><p>The restaurant is just a stone's throw from our\u00a0<strong>Kyriad hotel in Vannes<\/strong>\u00a0as it is located at Place de la Lib\u00e9ration.<\/p><p>Discover the restaurant's website and menu by clicking below:<\/p>\t\t\t\t\t\t\t\t<\/div>\n\t\t\t\t<\/div>\n\t\t\t\t<div class=\"elementor-element elementor-element-706f571 elementor-tablet-align-center elementor-widget elementor-widget-button\" data-id=\"706f571\" data-element_type=\"widget\" data-e-type=\"widget\" data-widget_type=\"button.default\">\n\t\t\t\t<div class=\"elementor-widget-container\">\n\t\t\t\t\t\t\t\t\t<div class=\"elementor-button-wrapper\">\n\t\t\t\t\t<a class=\"elementor-button elementor-button-link elementor-size-sm\" href=\"https:\/\/www.bestwestern-vannescentre.com\/restaurant-vannes-centre\/\" target=\"_blank\" rel=\"nofollow noopener\">\n\t\t\t\t\t\t<span class=\"elementor-button-content-wrapper\">\n\t\t\t\t\t\t\t\t\t<span class=\"elementor-button-text\">Find out more<\/span>\n\t\t\t\t\t<\/span>\n\t\t\t\t\t<\/a>\n\t\t\t\t<\/div>\n\t\t\t\t\t\t\t\t<\/div>\n\t\t\t\t<\/div>\n\t\t\t\t<\/div>\n\t\t\t\t<div class=\"elementor-element elementor-element-ebc2293 elementor-widget elementor-widget-image\" data-id=\"ebc2293\" data-element_type=\"widget\" data-e-type=\"widget\" data-widget_type=\"image.default\">\n\t\t\t\t<div class=\"elementor-widget-container\">\n\t\t\t\t\t\t\t\t\t\t\t\t\t\t\t<img decoding=\"async\" width=\"940\" height=\"788\" src=\"https:\/\/www.kyriad-vannes.fr\/wp-content\/uploads\/2024\/12\/Cote-Patio.png\" class=\"attachment-full size-full wp-image-10055\" alt=\"\" srcset=\"https:\/\/www.kyriad-vannes.fr\/wp-content\/uploads\/2024\/12\/Cote-Patio.png 940w, https:\/\/www.kyriad-vannes.fr\/wp-content\/uploads\/2024\/12\/Cote-Patio-300x251.png 300w, https:\/\/www.kyriad-vannes.fr\/wp-content\/uploads\/2024\/12\/Cote-Patio-768x644.png 768w, https:\/\/www.kyriad-vannes.fr\/wp-content\/uploads\/2024\/12\/Cote-Patio-14x12.png 14w\" sizes=\"(max-width: 940px) 100vw, 940px\" title=\"\">\t\t\t\t\t\t\t\t\t\t\t\t\t\t\t<\/div>\n\t\t\t\t<\/div>\n\t\t\t\t<\/div>\n\t\t\t\t\t<\/div>\n\t\t\t\t<\/div>\n\t\t<div class=\"elementor-element elementor-element-16eebca e-flex e-con-boxed e-con e-parent\" data-id=\"16eebca\" data-element_type=\"container\" data-e-type=\"container\">\n\t\t\t\t\t<div class=\"e-con-inner\">\n\t\t<div class=\"elementor-element elementor-element-a8325a2 e-con-full e-flex e-con e-child\" data-id=\"a8325a2\" data-element_type=\"container\" data-e-type=\"container\">\n\t\t\t\t<\/div>\n\t\t<div class=\"elementor-element elementor-element-5dcf4fc e-con-full e-flex e-con e-child\" data-id=\"5dcf4fc\" data-element_type=\"container\" data-e-type=\"container\" data-settings=\"{&quot;background_background&quot;:&quot;classic&quot;}\">\n\t\t<div class=\"elementor-element elementor-element-081817f e-con-full e-flex e-con e-child\" data-id=\"081817f\" data-element_type=\"container\" data-e-type=\"container\">\n\t\t\t\t<div class=\"elementor-element elementor-element-e1545cc elementor-widget elementor-widget-text-editor\" data-id=\"e1545cc\" data-element_type=\"widget\" data-e-type=\"widget\" data-widget_type=\"text-editor.default\">\n\t\t\t\t<div class=\"elementor-widget-container\">\n\t\t\t\t\t\t\t\t\t<p>Hotel Kyriad Vannes |<\/p><p>AJT Performances<\/p>\t\t\t\t\t\t\t\t<\/div>\n\t\t\t\t<\/div>\n\t\t\t\t<div class=\"elementor-element elementor-element-b4cc4bc elementor-widget elementor-widget-text-editor\" data-id=\"b4cc4bc\" data-element_type=\"widget\" data-e-type=\"widget\" data-widget_type=\"text-editor.default\">\n\t\t\t\t<div class=\"elementor-widget-container\">\n\t\t\t\t\t\t\t\t\t<p>AJT Performances supports you in developing your performance<br \/>AJT Performances is based in St Av\u00e9 in the Morbihan department and offers you a personalised approach to managing your sports projects.<\/p><p>Its mission is to provide solutions to help you develop YOUR performance by strengthening YOUR know-how and interpersonal skills. Whether in top-level sport or in the corporate world, we provide customised solutions to improve :<\/p><p>stress management,<br \/>motivation,<br \/>concentration,<br \/>communication<br \/>team cohesion.<br \/>Self-confidence and self-esteem<\/p>\t\t\t\t\t\t\t\t<\/div>\n\t\t\t\t<\/div>\n\t\t\t\t<div class=\"elementor-element elementor-element-117cd55 elementor-tablet-align-center elementor-widget elementor-widget-button\" data-id=\"117cd55\" data-element_type=\"widget\" data-e-type=\"widget\" data-widget_type=\"button.default\">\n\t\t\t\t<div class=\"elementor-widget-container\">\n\t\t\t\t\t\t\t\t\t<div class=\"elementor-button-wrapper\">\n\t\t\t\t\t<a class=\"elementor-button elementor-button-link elementor-size-sm\" href=\"https:\/\/www.ajt-performances.fr\/\" target=\"_blank\" rel=\"nofollow noopener\">\n\t\t\t\t\t\t<span class=\"elementor-button-content-wrapper\">\n\t\t\t\t\t\t\t\t\t<span class=\"elementor-button-text\">Find out more<\/span>\n\t\t\t\t\t<\/span>\n\t\t\t\t\t<\/a>\n\t\t\t\t<\/div>\n\t\t\t\t\t\t\t\t<\/div>\n\t\t\t\t<\/div>\n\t\t\t\t<\/div>\n\t\t\t\t<div class=\"elementor-element elementor-element-608e698 elementor-widget elementor-widget-image\" data-id=\"608e698\" data-element_type=\"widget\" data-e-type=\"widget\" data-widget_type=\"image.default\">\n\t\t\t\t<div class=\"elementor-widget-container\">\n\t\t\t\t\t\t\t\t\t\t\t\t\t\t\t<img loading=\"lazy\" decoding=\"async\" width=\"940\" height=\"788\" src=\"https:\/\/www.kyriad-vannes.fr\/wp-content\/uploads\/2024\/09\/AJT-Performances-1.png\" class=\"attachment-full size-full wp-image-8915\" alt=\"\" srcset=\"https:\/\/www.kyriad-vannes.fr\/wp-content\/uploads\/2024\/09\/AJT-Performances-1.png 940w, https:\/\/www.kyriad-vannes.fr\/wp-content\/uploads\/2024\/09\/AJT-Performances-1-300x251.png 300w, https:\/\/www.kyriad-vannes.fr\/wp-content\/uploads\/2024\/09\/AJT-Performances-1-768x644.png 768w, https:\/\/www.kyriad-vannes.fr\/wp-content\/uploads\/2024\/09\/AJT-Performances-1-14x12.png 14w\" sizes=\"(max-width: 940px) 100vw, 940px\" title=\"\">\t\t\t\t\t\t\t\t\t\t\t\t\t\t\t<\/div>\n\t\t\t\t<\/div>\n\t\t\t\t<\/div>\n\t\t\t\t\t<\/div>\n\t\t\t\t<\/div>\n\t\t<div class=\"elementor-element elementor-element-33b1a5b e-flex e-con-boxed e-con e-parent\" data-id=\"33b1a5b\" data-element_type=\"container\" data-e-type=\"container\">\n\t\t\t\t\t<div class=\"e-con-inner\">\n\t\t<div class=\"elementor-element elementor-element-3aa4530 e-con-full e-flex e-con e-child\" data-id=\"3aa4530\" data-element_type=\"container\" data-e-type=\"container\">\n\t\t\t\t<\/div>\n\t\t<div class=\"elementor-element elementor-element-b895276 e-con-full e-flex e-con e-child\" data-id=\"b895276\" data-element_type=\"container\" data-e-type=\"container\" data-settings=\"{&quot;background_background&quot;:&quot;classic&quot;}\">\n\t\t<div class=\"elementor-element elementor-element-4d3a8d9 e-con-full e-flex e-con e-child\" data-id=\"4d3a8d9\" data-element_type=\"container\" data-e-type=\"container\">\n\t\t\t\t<div class=\"elementor-element elementor-element-ce58a27 elementor-widget elementor-widget-text-editor\" data-id=\"ce58a27\" data-element_type=\"widget\" data-e-type=\"widget\" data-widget_type=\"text-editor.default\">\n\t\t\t\t<div class=\"elementor-widget-container\">\n\t\t\t\t\t\t\t\t\t<p>Hotel Kyriad Vannes | Partner Morbihan Tourisme.<\/p>\t\t\t\t\t\t\t\t<\/div>\n\t\t\t\t<\/div>\n\t\t\t\t<div class=\"elementor-element elementor-element-25e1c39 elementor-widget elementor-widget-text-editor\" data-id=\"25e1c39\" data-element_type=\"widget\" data-e-type=\"widget\" data-widget_type=\"text-editor.default\">\n\t\t\t\t<div class=\"elementor-widget-container\">\n\t\t\t\t\t\t\t\t\t<p><a title=\"Official website of Morbihan Tourisme tourist office\" href=\"http:\/\/www.morbihan.com\/\" target=\"_blank\" rel=\"noopener noreferrer nofollow\">Morbihan Tourism<\/a>\u00a0is the body responsible for the development, promotion and communication of tourism in Morbihan.<\/p><p>A team of around twenty tourism experts is at your service, whether you are a public or private player.<\/p>\t\t\t\t\t\t\t\t<\/div>\n\t\t\t\t<\/div>\n\t\t\t\t<div class=\"elementor-element elementor-element-bcceea7 elementor-tablet-align-center elementor-widget elementor-widget-button\" data-id=\"bcceea7\" data-element_type=\"widget\" data-e-type=\"widget\" data-widget_type=\"button.default\">\n\t\t\t\t<div class=\"elementor-widget-container\">\n\t\t\t\t\t\t\t\t\t<div class=\"elementor-button-wrapper\">\n\t\t\t\t\t<a class=\"elementor-button elementor-button-link elementor-size-sm\" href=\"https:\/\/morbihan.com\/\" target=\"_blank\" rel=\"nofollow noopener\">\n\t\t\t\t\t\t<span class=\"elementor-button-content-wrapper\">\n\t\t\t\t\t\t\t\t\t<span class=\"elementor-button-text\">Find out more<\/span>\n\t\t\t\t\t<\/span>\n\t\t\t\t\t<\/a>\n\t\t\t\t<\/div>\n\t\t\t\t\t\t\t\t<\/div>\n\t\t\t\t<\/div>\n\t\t\t\t<\/div>\n\t\t\t\t<div class=\"elementor-element elementor-element-d98e015 elementor-widget elementor-widget-image\" data-id=\"d98e015\" data-element_type=\"widget\" data-e-type=\"widget\" data-widget_type=\"image.default\">\n\t\t\t\t<div class=\"elementor-widget-container\">\n\t\t\t\t\t\t\t\t\t\t\t\t\t\t\t<img loading=\"lazy\" decoding=\"async\" width=\"940\" height=\"788\" src=\"https:\/\/www.kyriad-vannes.fr\/wp-content\/uploads\/2024\/09\/Morbihan-Tourisme.png\" class=\"attachment-full size-full wp-image-8916\" alt=\"\" srcset=\"https:\/\/www.kyriad-vannes.fr\/wp-content\/uploads\/2024\/09\/Morbihan-Tourisme.png 940w, https:\/\/www.kyriad-vannes.fr\/wp-content\/uploads\/2024\/09\/Morbihan-Tourisme-300x251.png 300w, https:\/\/www.kyriad-vannes.fr\/wp-content\/uploads\/2024\/09\/Morbihan-Tourisme-768x644.png 768w, https:\/\/www.kyriad-vannes.fr\/wp-content\/uploads\/2024\/09\/Morbihan-Tourisme-14x12.png 14w\" sizes=\"(max-width: 940px) 100vw, 940px\" title=\"\">\t\t\t\t\t\t\t\t\t\t\t\t\t\t\t<\/div>\n\t\t\t\t<\/div>\n\t\t\t\t<\/div>\n\t\t\t\t\t<\/div>\n\t\t\t\t<\/div>\n\t\t<div class=\"elementor-element elementor-element-712a07f e-flex e-con-boxed e-con e-parent\" data-id=\"712a07f\" data-element_type=\"container\" data-e-type=\"container\">\n\t\t\t\t\t<div class=\"e-con-inner\">\n\t\t<div class=\"elementor-element elementor-element-6be3ca9 e-con-full e-flex e-con e-child\" data-id=\"6be3ca9\" data-element_type=\"container\" data-e-type=\"container\">\n\t\t\t\t<\/div>\n\t\t<div class=\"elementor-element elementor-element-2e69e06 e-con-full e-flex e-con e-child\" data-id=\"2e69e06\" data-element_type=\"container\" data-e-type=\"container\" data-settings=\"{&quot;background_background&quot;:&quot;classic&quot;}\">\n\t\t<div class=\"elementor-element elementor-element-e9c7075 e-con-full e-flex e-con e-child\" data-id=\"e9c7075\" data-element_type=\"container\" data-e-type=\"container\">\n\t\t\t\t<div class=\"elementor-element elementor-element-c9c77c1 elementor-widget elementor-widget-text-editor\" data-id=\"c9c77c1\" data-element_type=\"widget\" data-e-type=\"widget\" data-widget_type=\"text-editor.default\">\n\t\t\t\t<div class=\"elementor-widget-container\">\n\t\t\t\t\t\t\t\t\t<p>Hotel Kyriad Vannes |<\/p><p>Morbihan Affaires<\/p>\t\t\t\t\t\t\t\t<\/div>\n\t\t\t\t<\/div>\n\t\t\t\t<div class=\"elementor-element elementor-element-ccaa7fb elementor-widget elementor-widget-text-editor\" data-id=\"ccaa7fb\" data-element_type=\"widget\" data-e-type=\"widget\" data-widget_type=\"text-editor.default\">\n\t\t\t\t<div class=\"elementor-widget-container\">\n\t\t\t\t\t\t\t\t\t<div class=\"introduction\">Business Tourism, Seminars and Corporate Events in Brittany<\/div><p>Business tourism professionals from the south of Brittany have joined forces to create Morbihan Affaires. Combining their experience and skills to make your event project the best it can be.<\/p><p>To contact the Morbihan Affaires team :<\/p><p><a title=\"Official Morbihan Affaires website\" href=\"https:\/\/www.morbihan-affaires.com\/\" target=\"_blank\" rel=\"noopener noreferrer nofollow\">https:\/\/www.morbihan-affaires.com\/<\/a><\/p>\t\t\t\t\t\t\t\t<\/div>\n\t\t\t\t<\/div>\n\t\t\t\t<div class=\"elementor-element elementor-element-4a0caed elementor-tablet-align-center elementor-widget elementor-widget-button\" data-id=\"4a0caed\" data-element_type=\"widget\" data-e-type=\"widget\" data-widget_type=\"button.default\">\n\t\t\t\t<div class=\"elementor-widget-container\">\n\t\t\t\t\t\t\t\t\t<div class=\"elementor-button-wrapper\">\n\t\t\t\t\t<a class=\"elementor-button elementor-button-link elementor-size-sm\" href=\"https:\/\/morbihan.com\/espace-affaires\/\" target=\"_blank\" rel=\"nofollow noopener\">\n\t\t\t\t\t\t<span class=\"elementor-button-content-wrapper\">\n\t\t\t\t\t\t\t\t\t<span class=\"elementor-button-text\">Find out more<\/span>\n\t\t\t\t\t<\/span>\n\t\t\t\t\t<\/a>\n\t\t\t\t<\/div>\n\t\t\t\t\t\t\t\t<\/div>\n\t\t\t\t<\/div>\n\t\t\t\t<\/div>\n\t\t\t\t<div class=\"elementor-element elementor-element-b044b46 elementor-widget elementor-widget-image\" data-id=\"b044b46\" data-element_type=\"widget\" data-e-type=\"widget\" data-widget_type=\"image.default\">\n\t\t\t\t<div class=\"elementor-widget-container\">\n\t\t\t\t\t\t\t\t\t\t\t\t\t\t\t<img loading=\"lazy\" decoding=\"async\" width=\"940\" height=\"788\" src=\"https:\/\/www.kyriad-vannes.fr\/wp-content\/uploads\/2024\/09\/Morbihan-Affaires.png\" class=\"attachment-full size-full wp-image-8917\" alt=\"\" srcset=\"https:\/\/www.kyriad-vannes.fr\/wp-content\/uploads\/2024\/09\/Morbihan-Affaires.png 940w, https:\/\/www.kyriad-vannes.fr\/wp-content\/uploads\/2024\/09\/Morbihan-Affaires-300x251.png 300w, https:\/\/www.kyriad-vannes.fr\/wp-content\/uploads\/2024\/09\/Morbihan-Affaires-768x644.png 768w, https:\/\/www.kyriad-vannes.fr\/wp-content\/uploads\/2024\/09\/Morbihan-Affaires-14x12.png 14w\" sizes=\"(max-width: 940px) 100vw, 940px\" title=\"\">\t\t\t\t\t\t\t\t\t\t\t\t\t\t\t<\/div>\n\t\t\t\t<\/div>\n\t\t\t\t<\/div>\n\t\t\t\t\t<\/div>\n\t\t\t\t<\/div>\n\t\t<div class=\"elementor-element elementor-element-356391f e-flex e-con-boxed e-con e-parent\" data-id=\"356391f\" data-element_type=\"container\" data-e-type=\"container\">\n\t\t\t\t\t<div class=\"e-con-inner\">\n\t\t<div class=\"elementor-element elementor-element-ba9447e e-con-full e-flex e-con e-child\" data-id=\"ba9447e\" data-element_type=\"container\" data-e-type=\"container\">\n\t\t\t\t<\/div>\n\t\t<div class=\"elementor-element elementor-element-8cb8d80 e-con-full e-flex e-con e-child\" data-id=\"8cb8d80\" data-element_type=\"container\" data-e-type=\"container\" data-settings=\"{&quot;background_background&quot;:&quot;classic&quot;}\">\n\t\t<div class=\"elementor-element elementor-element-6e1eecb e-con-full e-flex e-con e-child\" data-id=\"6e1eecb\" data-element_type=\"container\" data-e-type=\"container\">\n\t\t\t\t<div class=\"elementor-element elementor-element-c832465 elementor-widget elementor-widget-text-editor\" data-id=\"c832465\" data-element_type=\"widget\" data-e-type=\"widget\" data-widget_type=\"text-editor.default\">\n\t\t\t\t<div class=\"elementor-widget-container\">\n\t\t\t\t\t\t\t\t\t<p>Hotel Kyriad Vannes |<\/p><p>Na\u00e9co Hostels and campsites in Southern Brittany<\/p>\t\t\t\t\t\t\t\t<\/div>\n\t\t\t\t<\/div>\n\t\t\t\t<div class=\"elementor-element elementor-element-49950e6 elementor-widget elementor-widget-text-editor\" data-id=\"49950e6\" data-element_type=\"widget\" data-e-type=\"widget\" data-widget_type=\"text-editor.default\">\n\t\t\t\t<div class=\"elementor-widget-container\">\n\t\t\t\t\t\t\t\t\t<p>Discover Na\u00e9co Hostels, just a stone's throw from the ocean and the GR34 footpaths. A range of destinations, a variety of accommodation... get into the Na\u00e9co spirit!<br \/>Na\u00e9co Hostels: sleep, relax, share in Brittany<\/p><p>Set between nature and the ocean, the Na\u00e9co hotels are the perfect base for a nature and sports break in Southern Brittany!<\/p><p>Are you looking for a unique and welcoming place close to the sea and coastal paths for your next holiday?<\/p><p>NA\u00c9CO is for you.<\/p><p>Na\u00e9co hostels camping nature bretagne<\/p><p>Would you like to go on a surfing course, be just a stone's throw from the best surf spots, go hiking along the GR34 or take part in a yoga retreat in the heart of nature?<br \/>Choose from Na\u00e9co Hsotels destinations: Na\u00e9co Audierne hostels campsite and lodge nestling in the Locqu\u00e9ran forest, Na\u00e9co Le Pouldu hotel just 100 m from the beach, the GR34 and the surf school, or Na\u00e9co Erdeven between land and sea, a stone's throw from the GR34, the No. 5 cycle route and close to the surf spots!<\/p><p>Na\u00e9co Hostels also has a team ready to help you organise your leisure or business stay: seminars, team-building activities such as the \"Na\u00e9colympiades\", private events, yoga or surf retreats, etc.<\/p>\t\t\t\t\t\t\t\t<\/div>\n\t\t\t\t<\/div>\n\t\t\t\t<div class=\"elementor-element elementor-element-e7bb6a8 elementor-tablet-align-center elementor-widget elementor-widget-button\" data-id=\"e7bb6a8\" data-element_type=\"widget\" data-e-type=\"widget\" data-widget_type=\"button.default\">\n\t\t\t\t<div class=\"elementor-widget-container\">\n\t\t\t\t\t\t\t\t\t<div class=\"elementor-button-wrapper\">\n\t\t\t\t\t<a class=\"elementor-button elementor-button-link elementor-size-sm\" href=\"https:\/\/www.naeco.bzh\/\" target=\"_blank\" rel=\"nofollow noopener\">\n\t\t\t\t\t\t<span class=\"elementor-button-content-wrapper\">\n\t\t\t\t\t\t\t\t\t<span class=\"elementor-button-text\">Find out more<\/span>\n\t\t\t\t\t<\/span>\n\t\t\t\t\t<\/a>\n\t\t\t\t<\/div>\n\t\t\t\t\t\t\t\t<\/div>\n\t\t\t\t<\/div>\n\t\t\t\t<\/div>\n\t\t\t\t<div class=\"elementor-element elementor-element-083e4c4 elementor-widget elementor-widget-image\" data-id=\"083e4c4\" data-element_type=\"widget\" data-e-type=\"widget\" data-widget_type=\"image.default\">\n\t\t\t\t<div class=\"elementor-widget-container\">\n\t\t\t\t\t\t\t\t\t\t\t\t\t\t\t<img loading=\"lazy\" decoding=\"async\" width=\"940\" height=\"788\" src=\"https:\/\/www.kyriad-vannes.fr\/wp-content\/uploads\/2024\/09\/Naeco-Hostels-et-camping-en-Bretagne-Sud.png\" class=\"attachment-full size-full wp-image-8918\" alt=\"\" srcset=\"https:\/\/www.kyriad-vannes.fr\/wp-content\/uploads\/2024\/09\/Naeco-Hostels-et-camping-en-Bretagne-Sud.png 940w, https:\/\/www.kyriad-vannes.fr\/wp-content\/uploads\/2024\/09\/Naeco-Hostels-et-camping-en-Bretagne-Sud-300x251.png 300w, https:\/\/www.kyriad-vannes.fr\/wp-content\/uploads\/2024\/09\/Naeco-Hostels-et-camping-en-Bretagne-Sud-768x644.png 768w, https:\/\/www.kyriad-vannes.fr\/wp-content\/uploads\/2024\/09\/Naeco-Hostels-et-camping-en-Bretagne-Sud-14x12.png 14w\" sizes=\"(max-width: 940px) 100vw, 940px\" title=\"\">\t\t\t\t\t\t\t\t\t\t\t\t\t\t\t<\/div>\n\t\t\t\t<\/div>\n\t\t\t\t<\/div>\n\t\t\t\t\t<\/div>\n\t\t\t\t<\/div>\n\t\t<div class=\"elementor-element elementor-element-cb52abc e-flex e-con-boxed e-con e-parent\" data-id=\"cb52abc\" data-element_type=\"container\" data-e-type=\"container\">\n\t\t\t\t\t<div class=\"e-con-inner\">\n\t\t<div class=\"elementor-element elementor-element-4dc2bd4 e-con-full e-flex e-con e-child\" data-id=\"4dc2bd4\" data-element_type=\"container\" data-e-type=\"container\">\n\t\t\t\t<\/div>\n\t\t<div class=\"elementor-element elementor-element-ebcc26d e-con-full e-flex e-con e-child\" data-id=\"ebcc26d\" data-element_type=\"container\" data-e-type=\"container\" data-settings=\"{&quot;background_background&quot;:&quot;classic&quot;}\">\n\t\t<div class=\"elementor-element elementor-element-1de4c97 e-con-full e-flex e-con e-child\" data-id=\"1de4c97\" data-element_type=\"container\" data-e-type=\"container\">\n\t\t\t\t<div class=\"elementor-element elementor-element-63469cf elementor-widget elementor-widget-text-editor\" data-id=\"63469cf\" data-element_type=\"widget\" data-e-type=\"widget\" data-widget_type=\"text-editor.default\">\n\t\t\t\t<div class=\"elementor-widget-container\">\n\t\t\t\t\t\t\t\t\t<p>VANNES SEMINAR - Events in Vannes<\/p>\t\t\t\t\t\t\t\t<\/div>\n\t\t\t\t<\/div>\n\t\t\t\t<div class=\"elementor-element elementor-element-e997164 elementor-widget elementor-widget-text-editor\" data-id=\"e997164\" data-element_type=\"widget\" data-e-type=\"widget\" data-widget_type=\"text-editor.default\">\n\t\t\t\t<div class=\"elementor-widget-container\">\n\t\t\t\t\t\t\t\t\t<h2><span style=\"font-size: 16px;\">Seminars or events in Vannes<\/span><\/h2><div class=\"introduction\"><p>You wish to\u00a0<strong>organise your seminar<\/strong>\u00a0or\u00a0<strong>event in Brittany<\/strong>\u00a0in Morbihan, or more specifically in Vannes?<\/p><p>Discover\u00a0<a title=\"vannes event seminar\" href=\"https:\/\/www.seminaire-vannes.com\/fr\/\" target=\"_blank\" rel=\"noopener noreferrer nofollow\">VANNES SEMINAR<\/a>our partner, which provides a structure for\u00a0<strong>Vannes centre<\/strong>\u00a0with 10 seminar rooms, 2 restaurants, 1 leafy patio and 130 rooms ranging from 3 to 4 stars.<\/p><p>The ideal place to organise a\u00a0<strong>seminar in Vannes<\/strong>\u00a0!<\/p><h5 class=\"content_cms\">Vannes seminar: organisation made easy<\/h5><p>This venue, located in the centre of Vannes, comprises several establishments (2 hotels, 2 restaurants and 1 aparthotel). S\u00c9MINAIRE VANNES gives you a single point of contact for setting up your event.\u00a0<strong>event in Vannes<\/strong>\u00a0and make it easier to organise.<\/p><\/div>\t\t\t\t\t\t\t\t<\/div>\n\t\t\t\t<\/div>\n\t\t\t\t<div class=\"elementor-element elementor-element-245b017 elementor-tablet-align-center elementor-widget elementor-widget-button\" data-id=\"245b017\" data-element_type=\"widget\" data-e-type=\"widget\" data-widget_type=\"button.default\">\n\t\t\t\t<div class=\"elementor-widget-container\">\n\t\t\t\t\t\t\t\t\t<div class=\"elementor-button-wrapper\">\n\t\t\t\t\t<a class=\"elementor-button elementor-button-link elementor-size-sm\" href=\"https:\/\/www.seminaire-vannes.com\/\" target=\"_blank\" rel=\"nofollow noopener\">\n\t\t\t\t\t\t<span class=\"elementor-button-content-wrapper\">\n\t\t\t\t\t\t\t\t\t<span class=\"elementor-button-text\">Find out more<\/span>\n\t\t\t\t\t<\/span>\n\t\t\t\t\t<\/a>\n\t\t\t\t<\/div>\n\t\t\t\t\t\t\t\t<\/div>\n\t\t\t\t<\/div>\n\t\t\t\t<\/div>\n\t\t\t\t<div class=\"elementor-element elementor-element-d290112 elementor-widget elementor-widget-image\" data-id=\"d290112\" data-element_type=\"widget\" data-e-type=\"widget\" data-widget_type=\"image.default\">\n\t\t\t\t<div class=\"elementor-widget-container\">\n\t\t\t\t\t\t\t\t\t\t\t\t\t\t\t<img loading=\"lazy\" decoding=\"async\" width=\"940\" height=\"788\" src=\"https:\/\/www.kyriad-vannes.fr\/wp-content\/uploads\/2024\/09\/Seminaires-et-evenements-a-Vannes.png\" class=\"attachment-full size-full wp-image-8919\" alt=\"\" srcset=\"https:\/\/www.kyriad-vannes.fr\/wp-content\/uploads\/2024\/09\/Seminaires-et-evenements-a-Vannes.png 940w, https:\/\/www.kyriad-vannes.fr\/wp-content\/uploads\/2024\/09\/Seminaires-et-evenements-a-Vannes-300x251.png 300w, https:\/\/www.kyriad-vannes.fr\/wp-content\/uploads\/2024\/09\/Seminaires-et-evenements-a-Vannes-768x644.png 768w, https:\/\/www.kyriad-vannes.fr\/wp-content\/uploads\/2024\/09\/Seminaires-et-evenements-a-Vannes-14x12.png 14w\" sizes=\"(max-width: 940px) 100vw, 940px\" title=\"\">\t\t\t\t\t\t\t\t\t\t\t\t\t\t\t<\/div>\n\t\t\t\t<\/div>\n\t\t\t\t<\/div>\n\t\t\t\t\t<\/div>\n\t\t\t\t<\/div>\n\t\t<div class=\"elementor-element elementor-element-935add1 e-flex e-con-boxed e-con e-parent\" data-id=\"935add1\" data-element_type=\"container\" data-e-type=\"container\">\n\t\t\t\t\t<div class=\"e-con-inner\">\n\t\t<div class=\"elementor-element elementor-element-b135df1 e-con-full e-flex e-con e-child\" data-id=\"b135df1\" data-element_type=\"container\" data-e-type=\"container\">\n\t\t\t\t<\/div>\n\t\t<div class=\"elementor-element elementor-element-32b6902 e-con-full e-flex e-con e-child\" data-id=\"32b6902\" data-element_type=\"container\" data-e-type=\"container\" data-settings=\"{&quot;background_background&quot;:&quot;classic&quot;}\">\n\t\t<div class=\"elementor-element elementor-element-1a2ad73 e-con-full e-flex e-con e-child\" data-id=\"1a2ad73\" data-element_type=\"container\" data-e-type=\"container\">\n\t\t\t\t<div class=\"elementor-element elementor-element-c2f085d elementor-widget elementor-widget-text-editor\" data-id=\"c2f085d\" data-element_type=\"widget\" data-e-type=\"widget\" data-widget_type=\"text-editor.default\">\n\t\t\t\t<div class=\"elementor-widget-container\">\n\t\t\t\t\t\t\t\t\t<p>IOZ Eau: pure, local water in Brittany<\/p>\t\t\t\t\t\t\t\t<\/div>\n\t\t\t\t<\/div>\n\t\t\t\t<div class=\"elementor-element elementor-element-f84f01b elementor-widget elementor-widget-text-editor\" data-id=\"f84f01b\" data-element_type=\"widget\" data-e-type=\"widget\" data-widget_type=\"text-editor.default\">\n\t\t\t\t<div class=\"elementor-widget-container\">\n\t\t\t\t\t\t\t\t\t<h2><span style=\"font-size: 16px;\">IOZ Water, a choice of heart and reason At l'Image Sainte-Anne.<\/span><\/h2><div class=\"introduction\"><p>Water\u00a0<a title=\"ioz micro-filtered water local and pure brittany\" href=\"https:\/\/ioz-eau.fr\/\" target=\"_blank\" rel=\"noopener noreferrer nofollow\">IOZ Water<\/a>\u00a0is microfiltered table water. It's simply water from the local network, purified and environmentally friendly. By drinking IOZ, you're contributing to sustainable development in an eco-citizen gesture for the planet.<\/p><p><em><strong>\u00a0With IOZ, you're committed to zero waste, zero transport and zero plastic!\u00a0<\/strong><\/em><\/p><p>But that's not the only advantage...<\/p><p>Equipped with the very latest microfiltration technology, the water coolers offered by IOZ Eau provide you with top-quality water from the local network. It's free of all particles, bacteria, chlorine and limescale! All the while retaining the essential minerals and trace elements needed for the body to function properly.<\/p><p>IOZ micro-filtered water is extremely gentle, preparing even the most discerning palates to appreciate even more the delicious dishes served by our\u00a0<a title=\"restaurant vannes centre ville \u00c0 l&#039;Image Sainte Anne\" href=\"https:\/\/www.kyriad-vannes.fr\/en\/restaurant-vannes.html\/\">\u00c0 l'Image Sainte-Anne restaurant<\/a>It's the perfect water to accompany a meal, but also to subtly enhance the best wines we have to offer. This water goes with every stage of a meal, with or without bubbles, chilled or not...<\/p><p>IOZ Eau has thought of everyone!<\/p><p><em><strong>A local company that we are proud to work with for our restaurant in Vannes.<\/strong><\/em><\/p><\/div>\t\t\t\t\t\t\t\t<\/div>\n\t\t\t\t<\/div>\n\t\t\t\t<div class=\"elementor-element elementor-element-3f3c8fc elementor-tablet-align-center elementor-widget elementor-widget-button\" data-id=\"3f3c8fc\" data-element_type=\"widget\" data-e-type=\"widget\" data-widget_type=\"button.default\">\n\t\t\t\t<div class=\"elementor-widget-container\">\n\t\t\t\t\t\t\t\t\t<div class=\"elementor-button-wrapper\">\n\t\t\t\t\t<a class=\"elementor-button elementor-button-link elementor-size-sm\" href=\"https:\/\/ioz-eau.fr\/\" target=\"_blank\" rel=\"nofollow noopener\">\n\t\t\t\t\t\t<span class=\"elementor-button-content-wrapper\">\n\t\t\t\t\t\t\t\t\t<span class=\"elementor-button-text\">Find out more<\/span>\n\t\t\t\t\t<\/span>\n\t\t\t\t\t<\/a>\n\t\t\t\t<\/div>\n\t\t\t\t\t\t\t\t<\/div>\n\t\t\t\t<\/div>\n\t\t\t\t<\/div>\n\t\t\t\t<div class=\"elementor-element elementor-element-d9cdfe4 elementor-widget elementor-widget-image\" data-id=\"d9cdfe4\" data-element_type=\"widget\" data-e-type=\"widget\" data-widget_type=\"image.default\">\n\t\t\t\t<div class=\"elementor-widget-container\">\n\t\t\t\t\t\t\t\t\t\t\t\t\t\t\t<img loading=\"lazy\" decoding=\"async\" width=\"940\" height=\"788\" src=\"https:\/\/www.kyriad-vannes.fr\/wp-content\/uploads\/2024\/12\/IOZ-une-eau-pure-micro-filtree-a-Vannes-3.png\" class=\"attachment-full size-full wp-image-10056\" alt=\"\" srcset=\"https:\/\/www.kyriad-vannes.fr\/wp-content\/uploads\/2024\/12\/IOZ-une-eau-pure-micro-filtree-a-Vannes-3.png 940w, https:\/\/www.kyriad-vannes.fr\/wp-content\/uploads\/2024\/12\/IOZ-une-eau-pure-micro-filtree-a-Vannes-3-300x251.png 300w, https:\/\/www.kyriad-vannes.fr\/wp-content\/uploads\/2024\/12\/IOZ-une-eau-pure-micro-filtree-a-Vannes-3-768x644.png 768w, https:\/\/www.kyriad-vannes.fr\/wp-content\/uploads\/2024\/12\/IOZ-une-eau-pure-micro-filtree-a-Vannes-3-14x12.png 14w\" sizes=\"(max-width: 940px) 100vw, 940px\" title=\"\">\t\t\t\t\t\t\t\t\t\t\t\t\t\t\t<\/div>\n\t\t\t\t<\/div>\n\t\t\t\t<\/div>\n\t\t\t\t\t<\/div>\n\t\t\t\t<\/div>\n\t\t<div class=\"elementor-element elementor-element-715b5d8 e-flex e-con-boxed e-con e-parent\" data-id=\"715b5d8\" data-element_type=\"container\" data-e-type=\"container\">\n\t\t\t\t\t<div class=\"e-con-inner\">\n\t\t<div class=\"elementor-element elementor-element-6a0ef9e e-con-full e-flex e-con e-child\" data-id=\"6a0ef9e\" data-element_type=\"container\" data-e-type=\"container\">\n\t\t\t\t<\/div>\n\t\t<div class=\"elementor-element elementor-element-68a9eae e-con-full e-flex e-con e-child\" data-id=\"68a9eae\" data-element_type=\"container\" data-e-type=\"container\" data-settings=\"{&quot;background_background&quot;:&quot;classic&quot;}\">\n\t\t<div class=\"elementor-element elementor-element-443a728 e-con-full e-flex e-con e-child\" data-id=\"443a728\" data-element_type=\"container\" data-e-type=\"container\">\n\t\t\t\t<div class=\"elementor-element elementor-element-a687ef1 elementor-widget elementor-widget-text-editor\" data-id=\"a687ef1\" data-element_type=\"widget\" data-e-type=\"widget\" data-widget_type=\"text-editor.default\">\n\t\t\t\t<div class=\"elementor-widget-container\">\n\t\t\t\t\t\t\t\t\t<p>Discover the Appart'h\u00f4tel Vannes Le Libert\u00e9<\/p>\t\t\t\t\t\t\t\t<\/div>\n\t\t\t\t<\/div>\n\t\t\t\t<div class=\"elementor-element elementor-element-5b5936a elementor-widget elementor-widget-text-editor\" data-id=\"5b5936a\" data-element_type=\"widget\" data-e-type=\"widget\" data-widget_type=\"text-editor.default\">\n\t\t\t\t<div class=\"elementor-widget-container\">\n\t\t\t\t\t\t\t\t\t<h2><span style=\"font-size: 16px;\">Choose the Appart'H\u00f4tel Le Libert\u00e9 in Vannes for a comfortable, well-equipped stay.<\/span><\/h2><div class=\"introduction\"><div class=\"introduction\"><div class=\"introduction\"><div class=\"introduction\"><p>If you are looking for a flexible alternative for your stay in Vannes, we highly recommend the Appart'H\u00f4tel Le Libert\u00e9. Located right in the centre of Vannes, this establishment offers fully-equipped flats, perfect for both short and long stays. Whether you are away for the weekend, on business or renovating your home, the Appart'H\u00f4tel Le Libert\u00e9 offers accommodation solutions to suit your needs.<\/p><\/div><\/div><\/div><\/div>\t\t\t\t\t\t\t\t<\/div>\n\t\t\t\t<\/div>\n\t\t\t\t<div class=\"elementor-element elementor-element-59d96b7 elementor-tablet-align-center elementor-widget elementor-widget-button\" data-id=\"59d96b7\" data-element_type=\"widget\" data-e-type=\"widget\" data-widget_type=\"button.default\">\n\t\t\t\t<div class=\"elementor-widget-container\">\n\t\t\t\t\t\t\t\t\t<div class=\"elementor-button-wrapper\">\n\t\t\t\t\t<a class=\"elementor-button elementor-button-link elementor-size-sm\" href=\"https:\/\/www.residenceleliberte-vannescentre.com\/\" target=\"_blank\" rel=\"nofollow noopener\">\n\t\t\t\t\t\t<span class=\"elementor-button-content-wrapper\">\n\t\t\t\t\t\t\t\t\t<span class=\"elementor-button-text\">Find out more<\/span>\n\t\t\t\t\t<\/span>\n\t\t\t\t\t<\/a>\n\t\t\t\t<\/div>\n\t\t\t\t\t\t\t\t<\/div>\n\t\t\t\t<\/div>\n\t\t\t\t<\/div>\n\t\t\t\t<div class=\"elementor-element elementor-element-87dfc6f elementor-widget elementor-widget-image\" data-id=\"87dfc6f\" data-element_type=\"widget\" data-e-type=\"widget\" data-widget_type=\"image.default\">\n\t\t\t\t<div class=\"elementor-widget-container\">\n\t\t\t\t\t\t\t\t\t\t\t\t\t\t\t<img loading=\"lazy\" decoding=\"async\" width=\"2048\" height=\"1365\" src=\"https:\/\/www.kyriad-vannes.fr\/wp-content\/uploads\/2024\/10\/Studio-T1-Confort-3-min.png\" class=\"attachment-full size-full wp-image-9562\" alt=\"\" srcset=\"https:\/\/www.kyriad-vannes.fr\/wp-content\/uploads\/2024\/10\/Studio-T1-Confort-3-min.png 2048w, https:\/\/www.kyriad-vannes.fr\/wp-content\/uploads\/2024\/10\/Studio-T1-Confort-3-min-300x200.png 300w, https:\/\/www.kyriad-vannes.fr\/wp-content\/uploads\/2024\/10\/Studio-T1-Confort-3-min-1024x683.png 1024w, https:\/\/www.kyriad-vannes.fr\/wp-content\/uploads\/2024\/10\/Studio-T1-Confort-3-min-768x512.png 768w, https:\/\/www.kyriad-vannes.fr\/wp-content\/uploads\/2024\/10\/Studio-T1-Confort-3-min-1536x1024.png 1536w, https:\/\/www.kyriad-vannes.fr\/wp-content\/uploads\/2024\/10\/Studio-T1-Confort-3-min-18x12.png 18w\" sizes=\"(max-width: 2048px) 100vw, 2048px\" title=\"\">\t\t\t\t\t\t\t\t\t\t\t\t\t\t\t<\/div>\n\t\t\t\t<\/div>\n\t\t\t\t<\/div>\n\t\t\t\t\t<\/div>\n\t\t\t\t<\/div>\n\t\t<div class=\"elementor-element elementor-element-1c67e20 e-flex e-con-boxed e-con e-parent\" data-id=\"1c67e20\" data-element_type=\"container\" data-e-type=\"container\">\n\t\t\t\t\t<div class=\"e-con-inner\">\n\t\t<div class=\"elementor-element elementor-element-3bbad51 e-con-full e-flex e-con e-child\" data-id=\"3bbad51\" data-element_type=\"container\" data-e-type=\"container\">\n\t\t\t\t<\/div>\n\t\t<div class=\"elementor-element elementor-element-e14c398 e-con-full e-flex e-con e-child\" data-id=\"e14c398\" data-element_type=\"container\" data-e-type=\"container\" data-settings=\"{&quot;background_background&quot;:&quot;classic&quot;}\">\n\t\t<div class=\"elementor-element elementor-element-85a21eb e-con-full e-flex e-con e-child\" data-id=\"85a21eb\" data-element_type=\"container\" data-e-type=\"container\">\n\t\t\t\t<div class=\"elementor-element elementor-element-8e5ecdd elementor-widget elementor-widget-text-editor\" data-id=\"8e5ecdd\" data-element_type=\"widget\" data-e-type=\"widget\" data-widget_type=\"text-editor.default\">\n\t\t\t\t<div class=\"elementor-widget-container\">\n\t\t\t\t\t\t\t\t\t<p>Discover Na\u00e9co Erdeven<\/p>\t\t\t\t\t\t\t\t<\/div>\n\t\t\t\t<\/div>\n\t\t\t\t<div class=\"elementor-element elementor-element-9f60e8d elementor-widget elementor-widget-text-editor\" data-id=\"9f60e8d\" data-element_type=\"widget\" data-e-type=\"widget\" data-widget_type=\"text-editor.default\">\n\t\t\t\t<div class=\"elementor-widget-container\">\n\t\t\t\t\t\t\t\t\t<p>Stay at Na\u00e9co Erdeven and immerse yourself in nature with eco-friendly accommodation. Perfect for nature lovers and water sports enthusiasts.<\/p><p>Na\u00e9co Erdeven is the ideal place for those wishing to recharge their batteries in the heart of nature, while benefiting from quality services. Located in Erdeven, this establishment offers a unique experience with comfortable, environmentally-friendly accommodation. Whether you enjoy water sports, hiking or simply looking for peace and quiet, Na\u00e9co Erdeven will meet all your expectations.<\/p>\t\t\t\t\t\t\t\t<\/div>\n\t\t\t\t<\/div>\n\t\t\t\t<div class=\"elementor-element elementor-element-a5c5655 elementor-tablet-align-center elementor-widget elementor-widget-button\" data-id=\"a5c5655\" data-element_type=\"widget\" data-e-type=\"widget\" data-widget_type=\"button.default\">\n\t\t\t\t<div class=\"elementor-widget-container\">\n\t\t\t\t\t\t\t\t\t<div class=\"elementor-button-wrapper\">\n\t\t\t\t\t<a class=\"elementor-button elementor-button-link elementor-size-sm\" href=\"https:\/\/www.naeco.bzh\/fr\/hotel-a-erdeven.html\" target=\"_blank\" rel=\"nofollow noopener\">\n\t\t\t\t\t\t<span class=\"elementor-button-content-wrapper\">\n\t\t\t\t\t\t\t\t\t<span class=\"elementor-button-text\">Find out more<\/span>\n\t\t\t\t\t<\/span>\n\t\t\t\t\t<\/a>\n\t\t\t\t<\/div>\n\t\t\t\t\t\t\t\t<\/div>\n\t\t\t\t<\/div>\n\t\t\t\t<\/div>\n\t\t\t\t<div class=\"elementor-element elementor-element-d242e1f elementor-widget elementor-widget-image\" data-id=\"d242e1f\" data-element_type=\"widget\" data-e-type=\"widget\" data-widget_type=\"image.default\">\n\t\t\t\t<div class=\"elementor-widget-container\">\n\t\t\t\t\t\t\t\t\t\t\t\t\t\t\t<img loading=\"lazy\" decoding=\"async\" width=\"2000\" height=\"2000\" src=\"https:\/\/www.kyriad-vannes.fr\/wp-content\/uploads\/2024\/10\/1721808169.png\" class=\"attachment-full size-full wp-image-9572\" alt=\"\" srcset=\"https:\/\/www.kyriad-vannes.fr\/wp-content\/uploads\/2024\/10\/1721808169.png 2000w, https:\/\/www.kyriad-vannes.fr\/wp-content\/uploads\/2024\/10\/1721808169-300x300.png 300w, https:\/\/www.kyriad-vannes.fr\/wp-content\/uploads\/2024\/10\/1721808169-1024x1024.png 1024w, https:\/\/www.kyriad-vannes.fr\/wp-content\/uploads\/2024\/10\/1721808169-150x150.png 150w, https:\/\/www.kyriad-vannes.fr\/wp-content\/uploads\/2024\/10\/1721808169-768x768.png 768w, https:\/\/www.kyriad-vannes.fr\/wp-content\/uploads\/2024\/10\/1721808169-1536x1536.png 1536w, https:\/\/www.kyriad-vannes.fr\/wp-content\/uploads\/2024\/10\/1721808169-12x12.png 12w\" sizes=\"(max-width: 2000px) 100vw, 2000px\" title=\"\">\t\t\t\t\t\t\t\t\t\t\t\t\t\t\t<\/div>\n\t\t\t\t<\/div>\n\t\t\t\t<\/div>\n\t\t\t\t\t<\/div>\n\t\t\t\t<\/div>\n\t\t<div class=\"elementor-element elementor-element-b6b2ebd e-flex e-con-boxed e-con e-parent\" data-id=\"b6b2ebd\" data-element_type=\"container\" data-e-type=\"container\">\n\t\t\t\t\t<div class=\"e-con-inner\">\n\t\t<div class=\"elementor-element elementor-element-90fe280 e-con-full e-flex e-con e-child\" data-id=\"90fe280\" data-element_type=\"container\" data-e-type=\"container\">\n\t\t\t\t<\/div>\n\t\t<div class=\"elementor-element elementor-element-3469082 e-con-full e-flex e-con e-child\" data-id=\"3469082\" data-element_type=\"container\" data-e-type=\"container\" data-settings=\"{&quot;background_background&quot;:&quot;classic&quot;}\">\n\t\t<div class=\"elementor-element elementor-element-e557048 e-con-full e-flex e-con e-child\" data-id=\"e557048\" data-element_type=\"container\" data-e-type=\"container\">\n\t\t\t\t<div class=\"elementor-element elementor-element-a0b32ae elementor-widget elementor-widget-text-editor\" data-id=\"a0b32ae\" data-element_type=\"widget\" data-e-type=\"widget\" data-widget_type=\"text-editor.default\">\n\t\t\t\t<div class=\"elementor-widget-container\">\n\t\t\t\t\t\t\t\t\t<p>The little train from Vannes<\/p>\t\t\t\t\t\t\t\t<\/div>\n\t\t\t\t<\/div>\n\t\t\t\t<div class=\"elementor-element elementor-element-0fb733a elementor-widget elementor-widget-text-editor\" data-id=\"0fb733a\" data-element_type=\"widget\" data-e-type=\"widget\" data-widget_type=\"text-editor.default\">\n\t\t\t\t<div class=\"elementor-widget-container\">\n\t\t\t\t\t\t\t\t\t<h1><span style=\"font-size: 16px;\">The Petit Train de Vannes takes you on a tour of the medieval town and its marina.<\/span><\/h1><div class=\"O0\">Departing from<strong>Vannes tourist office<\/strong>and climb aboard the\u00a0<strong>Little Train<\/strong>\u00a0and set out to conquer the\u00a0<strong>medieval town<\/strong>. Drive along the ramparts and gardens guarded by the Tour du Conn\u00e9table. The convoy will take you to the Cathedral before returning down to the port.<\/div>\t\t\t\t\t\t\t\t<\/div>\n\t\t\t\t<\/div>\n\t\t\t\t<div class=\"elementor-element elementor-element-e1f63f4 elementor-tablet-align-center elementor-widget elementor-widget-button\" data-id=\"e1f63f4\" data-element_type=\"widget\" data-e-type=\"widget\" data-widget_type=\"button.default\">\n\t\t\t\t<div class=\"elementor-widget-container\">\n\t\t\t\t\t\t\t\t\t<div class=\"elementor-button-wrapper\">\n\t\t\t\t\t<a class=\"elementor-button elementor-button-link elementor-size-sm\" href=\"https:\/\/www.petittrain-morbihan.com\/vannes-remparts-petit-train\/\" target=\"_blank\" rel=\"nofollow noopener\">\n\t\t\t\t\t\t<span class=\"elementor-button-content-wrapper\">\n\t\t\t\t\t\t\t\t\t<span class=\"elementor-button-text\">Find out more<\/span>\n\t\t\t\t\t<\/span>\n\t\t\t\t\t<\/a>\n\t\t\t\t<\/div>\n\t\t\t\t\t\t\t\t<\/div>\n\t\t\t\t<\/div>\n\t\t\t\t<\/div>\n\t\t\t\t<div class=\"elementor-element elementor-element-9e0743b elementor-widget elementor-widget-image\" data-id=\"9e0743b\" data-element_type=\"widget\" data-e-type=\"widget\" data-widget_type=\"image.default\">\n\t\t\t\t<div class=\"elementor-widget-container\">\n\t\t\t\t\t\t\t\t\t\t\t\t\t\t\t<img loading=\"lazy\" decoding=\"async\" width=\"940\" height=\"788\" src=\"https:\/\/www.kyriad-vannes.fr\/wp-content\/uploads\/2024\/09\/Le-petit-train-de-Vannes.png\" class=\"attachment-full size-full wp-image-8910\" alt=\"\" srcset=\"https:\/\/www.kyriad-vannes.fr\/wp-content\/uploads\/2024\/09\/Le-petit-train-de-Vannes.png 940w, https:\/\/www.kyriad-vannes.fr\/wp-content\/uploads\/2024\/09\/Le-petit-train-de-Vannes-300x251.png 300w, https:\/\/www.kyriad-vannes.fr\/wp-content\/uploads\/2024\/09\/Le-petit-train-de-Vannes-768x644.png 768w, https:\/\/www.kyriad-vannes.fr\/wp-content\/uploads\/2024\/09\/Le-petit-train-de-Vannes-14x12.png 14w\" sizes=\"(max-width: 940px) 100vw, 940px\" title=\"\">\t\t\t\t\t\t\t\t\t\t\t\t\t\t\t<\/div>\n\t\t\t\t<\/div>\n\t\t\t\t<\/div>\n\t\t\t\t\t<\/div>\n\t\t\t\t<\/div>\n\t\t\t\t<section class=\"elementor-section elementor-top-section elementor-element elementor-element-c1b817e elementor-section-full_width elementor-section-height-default elementor-section-height-default\" data-id=\"c1b817e\" data-element_type=\"section\" data-e-type=\"section\" data-settings=\"{&quot;background_background&quot;:&quot;classic&quot;}\">\n\t\t\t\t\t\t\t<div class=\"elementor-background-overlay\"><\/div>\n\t\t\t\t\t\t\t<div class=\"elementor-container elementor-column-gap-narrow\">\n\t\t\t\t\t<div class=\"elementor-column elementor-col-100 elementor-top-column elementor-element elementor-element-cc65f8a\" data-id=\"cc65f8a\" data-element_type=\"column\" data-e-type=\"column\">\n\t\t\t<div class=\"elementor-widget-wrap elementor-element-populated\">\n\t\t\t\t\t\t<section class=\"elementor-section elementor-inner-section elementor-element elementor-element-ff1b149 elementor-section-boxed elementor-section-height-default elementor-section-height-default\" data-id=\"ff1b149\" data-element_type=\"section\" data-e-type=\"section\">\n\t\t\t\t\t\t<div class=\"elementor-container elementor-column-gap-default\">\n\t\t\t\t\t<div class=\"elementor-column elementor-col-33 elementor-inner-column elementor-element elementor-element-e23ded3\" data-id=\"e23ded3\" data-element_type=\"column\" data-e-type=\"column\">\n\t\t\t<div class=\"elementor-widget-wrap elementor-element-populated\">\n\t\t\t\t\t\t<div class=\"elementor-element elementor-element-b10f84d elementor-widget-divider--view-line elementor-widget elementor-widget-divider\" data-id=\"b10f84d\" data-element_type=\"widget\" data-e-type=\"widget\" data-widget_type=\"divider.default\">\n\t\t\t\t<div class=\"elementor-widget-container\">\n\t\t\t\t\t\t\t<div class=\"elementor-divider\">\n\t\t\t<span class=\"elementor-divider-separator\">\n\t\t\t\t\t\t<\/span>\n\t\t<\/div>\n\t\t\t\t\t\t<\/div>\n\t\t\t\t<\/div>\n\t\t\t\t\t<\/div>\n\t\t<\/div>\n\t\t\t\t<div class=\"elementor-column elementor-col-33 elementor-inner-column elementor-element elementor-element-a6b0ff1\" data-id=\"a6b0ff1\" data-element_type=\"column\" data-e-type=\"column\">\n\t\t\t<div class=\"elementor-widget-wrap elementor-element-populated\">\n\t\t\t\t\t\t<div class=\"elementor-element elementor-element-59fb448 elementor-widget elementor-widget-image\" data-id=\"59fb448\" data-element_type=\"widget\" data-e-type=\"widget\" data-widget_type=\"image.default\">\n\t\t\t\t<div class=\"elementor-widget-container\">\n\t\t\t\t\t\t\t\t\t\t\t\t\t\t\t<img loading=\"lazy\" decoding=\"async\" width=\"28\" height=\"28\" src=\"https:\/\/www.kyriad-vannes.fr\/wp-content\/uploads\/2024\/07\/favicon-Kyriad.png\" class=\"attachment-full size-full wp-image-7570\" alt=\"\" srcset=\"https:\/\/www.kyriad-vannes.fr\/wp-content\/uploads\/2024\/07\/favicon-Kyriad.png 28w, https:\/\/www.kyriad-vannes.fr\/wp-content\/uploads\/2024\/07\/favicon-Kyriad-12x12.png 12w\" sizes=\"(max-width: 28px) 100vw, 28px\" title=\"\">\t\t\t\t\t\t\t\t\t\t\t\t\t\t\t<\/div>\n\t\t\t\t<\/div>\n\t\t\t\t\t<\/div>\n\t\t<\/div>\n\t\t\t\t<div class=\"elementor-column elementor-col-33 elementor-inner-column elementor-element elementor-element-54dfbbd\" data-id=\"54dfbbd\" data-element_type=\"column\" data-e-type=\"column\">\n\t\t\t<div class=\"elementor-widget-wrap elementor-element-populated\">\n\t\t\t\t\t\t<div class=\"elementor-element elementor-element-40c6f79 elementor-widget-divider--view-line elementor-widget elementor-widget-divider\" data-id=\"40c6f79\" data-element_type=\"widget\" data-e-type=\"widget\" data-widget_type=\"divider.default\">\n\t\t\t\t<div class=\"elementor-widget-container\">\n\t\t\t\t\t\t\t<div class=\"elementor-divider\">\n\t\t\t<span class=\"elementor-divider-separator\">\n\t\t\t\t\t\t<\/span>\n\t\t<\/div>\n\t\t\t\t\t\t<\/div>\n\t\t\t\t<\/div>\n\t\t\t\t\t<\/div>\n\t\t<\/div>\n\t\t\t\t\t<\/div>\n\t\t<\/section>\n\t\t\t\t<div class=\"elementor-element elementor-element-0127ccb elementor-widget elementor-widget-heading\" data-id=\"0127ccb\" data-element_type=\"widget\" data-e-type=\"widget\" data-widget_type=\"heading.default\">\n\t\t\t\t<div class=\"elementor-widget-container\">\n\t\t\t\t\t<h2 class=\"elementor-heading-title elementor-size-default\">Discover<\/h2>\t\t\t\t<\/div>\n\t\t\t\t<\/div>\n\t\t\t\t<section class=\"elementor-section elementor-inner-section elementor-element elementor-element-f1796fd elementor-section-boxed elementor-section-height-default elementor-section-height-default\" data-id=\"f1796fd\" data-element_type=\"section\" data-e-type=\"section\">\n\t\t\t\t\t\t<div class=\"elementor-container elementor-column-gap-default\">\n\t\t\t\t\t<div class=\"elementor-column elementor-col-33 elementor-inner-column elementor-element elementor-element-a8399ea\" data-id=\"a8399ea\" data-element_type=\"column\" data-e-type=\"column\">\n\t\t\t<div class=\"elementor-widget-wrap elementor-element-populated\">\n\t\t\t\t\t\t<div class=\"elementor-element elementor-element-e04cf7f elementor-widget elementor-widget-image\" data-id=\"e04cf7f\" data-element_type=\"widget\" data-e-type=\"widget\" data-widget_type=\"image.default\">\n\t\t\t\t<div class=\"elementor-widget-container\">\n\t\t\t\t\t\t\t\t\t\t\t\t\t\t\t<img loading=\"lazy\" decoding=\"async\" width=\"1748\" height=\"1240\" src=\"https:\/\/www.kyriad-vannes.fr\/wp-content\/uploads\/2022\/11\/1718107737.png\" class=\"attachment-full size-full wp-image-8054\" alt=\"\" srcset=\"https:\/\/www.kyriad-vannes.fr\/wp-content\/uploads\/2022\/11\/1718107737.png 1748w, https:\/\/www.kyriad-vannes.fr\/wp-content\/uploads\/2022\/11\/1718107737-300x213.png 300w, https:\/\/www.kyriad-vannes.fr\/wp-content\/uploads\/2022\/11\/1718107737-1024x726.png 1024w, https:\/\/www.kyriad-vannes.fr\/wp-content\/uploads\/2022\/11\/1718107737-768x545.png 768w, https:\/\/www.kyriad-vannes.fr\/wp-content\/uploads\/2022\/11\/1718107737-1536x1090.png 1536w, https:\/\/www.kyriad-vannes.fr\/wp-content\/uploads\/2022\/11\/1718107737-18x12.png 18w\" sizes=\"(max-width: 1748px) 100vw, 1748px\" title=\"\">\t\t\t\t\t\t\t\t\t\t\t\t\t\t\t<\/div>\n\t\t\t\t<\/div>\n\t\t\t\t<div class=\"elementor-element elementor-element-67a6b69 elementor-widget elementor-widget-heading\" data-id=\"67a6b69\" data-element_type=\"widget\" data-e-type=\"widget\" data-widget_type=\"heading.default\">\n\t\t\t\t<div class=\"elementor-widget-container\">\n\t\t\t\t\t<h3 class=\"elementor-heading-title elementor-size-default\">Rooms<\/h3>\t\t\t\t<\/div>\n\t\t\t\t<\/div>\n\t\t\t\t<div class=\"elementor-element elementor-element-174f516 elementor-widget elementor-widget-text-editor\" data-id=\"174f516\" data-element_type=\"widget\" data-e-type=\"widget\" data-widget_type=\"text-editor.default\">\n\t\t\t\t<div class=\"elementor-widget-container\">\n\t\t\t\t\t\t\t\t\t<p>The 45 rooms of our charming hotel in Vannes offer you peace and relaxation in an atmosphere combining modernity and tradition, just a stone's throw from the historic centre of Vannes.<\/p>\t\t\t\t\t\t\t\t<\/div>\n\t\t\t\t<\/div>\n\t\t\t\t<div class=\"elementor-element elementor-element-a3f67ab elementor-tablet-align-center elementor-widget elementor-widget-button\" data-id=\"a3f67ab\" data-element_type=\"widget\" data-e-type=\"widget\" data-widget_type=\"button.default\">\n\t\t\t\t<div class=\"elementor-widget-container\">\n\t\t\t\t\t\t\t\t\t<div class=\"elementor-button-wrapper\">\n\t\t\t\t\t<a class=\"elementor-button elementor-button-link elementor-size-sm\" href=\"https:\/\/www.kyriad-vannes.fr\/en\/chambres-hotel-vannes-centre\/\">\n\t\t\t\t\t\t<span class=\"elementor-button-content-wrapper\">\n\t\t\t\t\t\t\t\t\t<span class=\"elementor-button-text\">See more<\/span>\n\t\t\t\t\t<\/span>\n\t\t\t\t\t<\/a>\n\t\t\t\t<\/div>\n\t\t\t\t\t\t\t\t<\/div>\n\t\t\t\t<\/div>\n\t\t\t\t\t<\/div>\n\t\t<\/div>\n\t\t\t\t<div class=\"elementor-column elementor-col-33 elementor-inner-column elementor-element elementor-element-42b9114\" data-id=\"42b9114\" data-element_type=\"column\" data-e-type=\"column\">\n\t\t\t<div class=\"elementor-widget-wrap elementor-element-populated\">\n\t\t\t\t\t\t<div class=\"elementor-element elementor-element-f7bbce8 elementor-widget elementor-widget-image\" data-id=\"f7bbce8\" data-element_type=\"widget\" data-e-type=\"widget\" data-widget_type=\"image.default\">\n\t\t\t\t<div class=\"elementor-widget-container\">\n\t\t\t\t\t\t\t\t\t\t\t\t\t\t\t<img loading=\"lazy\" decoding=\"async\" width=\"1748\" height=\"1240\" src=\"https:\/\/www.kyriad-vannes.fr\/wp-content\/uploads\/2024\/09\/Restaurant-a-Vannes-2.png\" class=\"attachment-full size-full wp-image-8584\" alt=\"\" srcset=\"https:\/\/www.kyriad-vannes.fr\/wp-content\/uploads\/2024\/09\/Restaurant-a-Vannes-2.png 1748w, https:\/\/www.kyriad-vannes.fr\/wp-content\/uploads\/2024\/09\/Restaurant-a-Vannes-2-300x213.png 300w, https:\/\/www.kyriad-vannes.fr\/wp-content\/uploads\/2024\/09\/Restaurant-a-Vannes-2-1024x726.png 1024w, https:\/\/www.kyriad-vannes.fr\/wp-content\/uploads\/2024\/09\/Restaurant-a-Vannes-2-768x545.png 768w, https:\/\/www.kyriad-vannes.fr\/wp-content\/uploads\/2024\/09\/Restaurant-a-Vannes-2-1536x1090.png 1536w, https:\/\/www.kyriad-vannes.fr\/wp-content\/uploads\/2024\/09\/Restaurant-a-Vannes-2-18x12.png 18w\" sizes=\"(max-width: 1748px) 100vw, 1748px\" title=\"\">\t\t\t\t\t\t\t\t\t\t\t\t\t\t\t<\/div>\n\t\t\t\t<\/div>\n\t\t\t\t<div class=\"elementor-element elementor-element-e8b35ea elementor-widget elementor-widget-heading\" data-id=\"e8b35ea\" data-element_type=\"widget\" data-e-type=\"widget\" data-widget_type=\"heading.default\">\n\t\t\t\t<div class=\"elementor-widget-container\">\n\t\t\t\t\t<h3 class=\"elementor-heading-title elementor-size-default\">Restaurant<\/h3>\t\t\t\t<\/div>\n\t\t\t\t<\/div>\n\t\t\t\t<div class=\"elementor-element elementor-element-52c9279 elementor-widget elementor-widget-text-editor\" data-id=\"52c9279\" data-element_type=\"widget\" data-e-type=\"widget\" data-widget_type=\"text-editor.default\">\n\t\t\t\t<div class=\"elementor-widget-container\">\n\t\t\t\t\t\t\t\t\t<p>Renowned in the Vannetais region since 1948, \u00c0 l'Image Sainte-Anne offers creative local cuisine in a warm, relaxed atmosphere.<\/p>\t\t\t\t\t\t\t\t<\/div>\n\t\t\t\t<\/div>\n\t\t\t\t<div class=\"elementor-element elementor-element-b1d1d13 elementor-tablet-align-center elementor-widget elementor-widget-button\" data-id=\"b1d1d13\" data-element_type=\"widget\" data-e-type=\"widget\" data-widget_type=\"button.default\">\n\t\t\t\t<div class=\"elementor-widget-container\">\n\t\t\t\t\t\t\t\t\t<div class=\"elementor-button-wrapper\">\n\t\t\t\t\t<a class=\"elementor-button elementor-button-link elementor-size-sm\" href=\"https:\/\/www.kyriad-vannes.fr\/en\/ou-manger-a-vannes\/\">\n\t\t\t\t\t\t<span class=\"elementor-button-content-wrapper\">\n\t\t\t\t\t\t\t\t\t<span class=\"elementor-button-text\">See more<\/span>\n\t\t\t\t\t<\/span>\n\t\t\t\t\t<\/a>\n\t\t\t\t<\/div>\n\t\t\t\t\t\t\t\t<\/div>\n\t\t\t\t<\/div>\n\t\t\t\t\t<\/div>\n\t\t<\/div>\n\t\t\t\t<div class=\"elementor-column elementor-col-33 elementor-inner-column elementor-element elementor-element-deceec0\" data-id=\"deceec0\" data-element_type=\"column\" data-e-type=\"column\">\n\t\t\t<div class=\"elementor-widget-wrap elementor-element-populated\">\n\t\t\t\t\t\t<div class=\"elementor-element elementor-element-6749536 elementor-widget elementor-widget-image\" data-id=\"6749536\" data-element_type=\"widget\" data-e-type=\"widget\" data-widget_type=\"image.default\">\n\t\t\t\t<div class=\"elementor-widget-container\">\n\t\t\t\t\t\t\t\t\t\t\t\t\t\t\t<img loading=\"lazy\" decoding=\"async\" width=\"822\" height=\"583\" src=\"https:\/\/www.kyriad-vannes.fr\/wp-content\/uploads\/2024\/09\/1660290284-1.png\" class=\"attachment-full size-full wp-image-8317\" alt=\"\" srcset=\"https:\/\/www.kyriad-vannes.fr\/wp-content\/uploads\/2024\/09\/1660290284-1.png 822w, https:\/\/www.kyriad-vannes.fr\/wp-content\/uploads\/2024\/09\/1660290284-1-300x213.png 300w, https:\/\/www.kyriad-vannes.fr\/wp-content\/uploads\/2024\/09\/1660290284-1-768x545.png 768w, https:\/\/www.kyriad-vannes.fr\/wp-content\/uploads\/2024\/09\/1660290284-1-18x12.png 18w\" sizes=\"(max-width: 822px) 100vw, 822px\" title=\"\">\t\t\t\t\t\t\t\t\t\t\t\t\t\t\t<\/div>\n\t\t\t\t<\/div>\n\t\t\t\t<div class=\"elementor-element elementor-element-317b0e5 elementor-widget elementor-widget-heading\" data-id=\"317b0e5\" data-element_type=\"widget\" data-e-type=\"widget\" data-widget_type=\"heading.default\">\n\t\t\t\t<div class=\"elementor-widget-container\">\n\t\t\t\t\t<h3 class=\"elementor-heading-title elementor-size-default\">Tourism<\/h3>\t\t\t\t<\/div>\n\t\t\t\t<\/div>\n\t\t\t\t<div class=\"elementor-element elementor-element-af7870b elementor-widget elementor-widget-text-editor\" data-id=\"af7870b\" data-element_type=\"widget\" data-e-type=\"widget\" data-widget_type=\"text-editor.default\">\n\t\t\t\t<div class=\"elementor-widget-container\">\n\t\t\t\t\t\t\t\t\t<p>Located in the west of France, Vannes is a town in the Morbihan d\u00e9partement. It attracts large numbers of tourists thanks to its rich history and leisure activities.<\/p>\t\t\t\t\t\t\t\t<\/div>\n\t\t\t\t<\/div>\n\t\t\t\t<div class=\"elementor-element elementor-element-57b56d4 elementor-tablet-align-center elementor-widget elementor-widget-button\" data-id=\"57b56d4\" data-element_type=\"widget\" data-e-type=\"widget\" data-widget_type=\"button.default\">\n\t\t\t\t<div class=\"elementor-widget-container\">\n\t\t\t\t\t\t\t\t\t<div class=\"elementor-button-wrapper\">\n\t\t\t\t\t<a class=\"elementor-button elementor-button-link elementor-size-sm\" href=\"https:\/\/www.kyriad-vannes.fr\/en\/tourisme\/\">\n\t\t\t\t\t\t<span class=\"elementor-button-content-wrapper\">\n\t\t\t\t\t\t\t\t\t<span class=\"elementor-button-text\">See more<\/span>\n\t\t\t\t\t<\/span>\n\t\t\t\t\t<\/a>\n\t\t\t\t<\/div>\n\t\t\t\t\t\t\t\t<\/div>\n\t\t\t\t<\/div>\n\t\t\t\t\t<\/div>\n\t\t<\/div>\n\t\t\t\t\t<\/div>\n\t\t<\/section>\n\t\t\t\t\t<\/div>\n\t\t<\/div>\n\t\t\t\t\t<\/div>\n\t\t<\/section>\n\t\t\t\t<\/div>","protected":false},"excerpt":{"rendered":"<p>Partenaires et Activit\u00e9s \u00e0 Vannes dans le Morbihan ! H\u00f4tel Vannes | Partenaire au rythme des mar\u00e9es Initiation au savoir-faire traditionnel de l&rsquo;ostr\u00e9iculture Ivan Selo et son \u00e9quipe vous propose une initation au savoir-faire d&rsquo;un m\u00e9tier de tradition : l&rsquo;ostr\u00e9iculture. Des promenades conviviales et surprenantes, riches en enseignements sur la nature et parfois sur vous-m\u00eame [&hellip;]<\/p>\n","protected":false},"author":4,"featured_media":8913,"parent":0,"menu_order":0,"comment_status":"closed","ping_status":"closed","template":"","meta":{"_acf_changed":false,"inline_featured_image":false,"footnotes":""},"class_list":["post-2808","page","type-page","status-publish","has-post-thumbnail","hentry"],"acf":[],"_links":{"self":[{"href":"https:\/\/www.kyriad-vannes.fr\/en\/wp-json\/wp\/v2\/pages\/2808","targetHints":{"allow":["GET"]}}],"collection":[{"href":"https:\/\/www.kyriad-vannes.fr\/en\/wp-json\/wp\/v2\/pages"}],"about":[{"href":"https:\/\/www.kyriad-vannes.fr\/en\/wp-json\/wp\/v2\/types\/page"}],"author":[{"embeddable":true,"href":"https:\/\/www.kyriad-vannes.fr\/en\/wp-json\/wp\/v2\/users\/4"}],"replies":[{"embeddable":true,"href":"https:\/\/www.kyriad-vannes.fr\/en\/wp-json\/wp\/v2\/comments?post=2808"}],"version-history":[{"count":263,"href":"https:\/\/www.kyriad-vannes.fr\/en\/wp-json\/wp\/v2\/pages\/2808\/revisions"}],"predecessor-version":[{"id":10969,"href":"https:\/\/www.kyriad-vannes.fr\/en\/wp-json\/wp\/v2\/pages\/2808\/revisions\/10969"}],"wp:featuredmedia":[{"embeddable":true,"href":"https:\/\/www.kyriad-vannes.fr\/en\/wp-json\/wp\/v2\/media\/8913"}],"wp:attachment":[{"href":"https:\/\/www.kyriad-vannes.fr\/en\/wp-json\/wp\/v2\/media?parent=2808"}],"curies":[{"name":"wp","href":"https:\/\/api.w.org\/{rel}","templated":true}]}}